{"id":11842,"date":"2016-02-25T10:06:54","date_gmt":"2016-02-25T10:06:54","guid":{"rendered":"http:\/\/www.ehu.eus\/HEB\/?page_id=11842"},"modified":"2016-07-01T10:38:51","modified_gmt":"2016-07-01T10:38:51","slug":"conferences-2015","status":"publish","type":"page","link":"https:\/\/www.ehu.eus\/HEB\/conferences-2015\/","title":{"rendered":"CONFERENCES 2015"},"content":{"rendered":"<p><\/p>\n<p style=\"text-align: justify;\">Berro, A. <a href=\"http:\/\/basdisyn.net\/pdf\/Berro_handout.pdf\" target=\"_blank\" data-saferedirecturl=\"https:\/\/www.google.com\/url?hl=es&amp;q=http:\/\/basdisyn.net\/pdf\/Berro_handout.pdf&amp;source=gmail&amp;ust=1465463445934000&amp;usg=AFQjCNE_qW4ShrdYhYNGLnUI5KswlgsU2g\">Inacusatividad e inergatividad en las variedades del euskera: predicados alternantes<\/a>. <em>La informaci\u00f3n sint\u00e1ctica en los altas ling\u00fc\u00edsticos<\/em>.\u00a0Barcelona. November 26-27.<\/p>\n<p style=\"text-align: justify;\">Laka, I. La ling\u00fc\u00edstica electrificada: lo que la electrofisiolog\u00eda nos revela sobre la estructura del lenguaje. Invited talk. <em>Seminario Internacional PSYLEX IV cognici\u00f3n, cultura y biolog\u00eda en el estudio del lenguaje humano<\/em>. Universidad de Zaragoza. October 22-23.<\/p>\n<p style=\"text-align: justify;\">Laka, I. Dos lenguas en un cerebro: cu\u00e1ndo, d\u00f3nde y c\u00f3mo. Invited talk. <em>Conferencias CANELA de Itziar Laka (Secci\u00f3n de Ling\u00fc\u00edstica de la Confederaci\u00f3n Acad\u00e9mica Nipona, Espa\u00f1ola y Latinoamericana)<\/em>. Universidad de Sof\u00eda, Jap\u00f3n. October 13.<\/p>\n<p style=\"text-align: justify;\">Laka, I. Processing OV Languages: The Case of Basque Bilinguals. Invited talk. <em>Conferencias CANELA de Itziar Laka (Secci\u00f3n de Ling\u00fc\u00edstica de la Confederaci\u00f3n Acad\u00e9mica Nipona, Espa\u00f1ola y Latinoamericana)<\/em>. Universidad de Nanzan, Jap\u00f3n. October 10.<\/p>\n<p style=\"text-align: justify;\">Laka, I. Neurolengua: sobre el d\u00f3nde, el c\u00f3mo y el cu\u00e1ndo del lenguaje<em>. <\/em>Invited talk. Conferencias CANELA de Itziar Laka <em>(Secci\u00f3n de Ling\u00fc\u00edstica de la Confederaci\u00f3n Acad\u00e9mica Nipona, Espa\u00f1ola y Latinoamericana)<\/em>. Kyoto Gaidai, Jap\u00f3n. October 9.<\/p>\n<p style=\"text-align: justify;\">Laka, I. La vida secreta de las palabras. Invited talk. <em>Conferencias CANELA de Itziar Laka (Secci\u00f3n de Ling\u00fc\u00edstica de la Confederaci\u00f3n Acad\u00e9mica Nipona, Espa\u00f1ola y Latinoamericana)<\/em>. Kobe Gaidai, Jap\u00f3n. October 5.<\/p>\n<p style=\"text-align: justify;\">Lindemann, D. <em><a href=\"http:\/\/www.ehu.eus\/HEB\/wp-content\/uploads\/2013\/07\/Poster_Lindemann_Santiago.pdf\" target=\"_blank\">Multilingual lexicography for lesser resourced<\/a><\/em><a href=\"http:\/\/www.ehu.eus\/HEB\/wp-content\/uploads\/2013\/07\/Poster_Lindemann_Santiago.pdf\" target=\"_blank\"> languages:<\/a><em><a href=\"http:\/\/www.ehu.eus\/HEB\/wp-content\/uploads\/2013\/07\/Poster_Lindemann_Santiago.pdf\" target=\"_blank\"> The case of Basque<\/a><\/em><strong>. <\/strong>Poster presented at <em>Multilex 2015-Lexicograf\u00eda multiling\u00fce en rede<\/em><strong>, <\/strong>Santiago de Compostole, A Coru\u00f1a<strong>, <\/strong>October 20-21.<\/p>\n<p style=\"text-align: justify;\">Azkarate, M. The Basque Language: Achievements, Failures and Future Challenges. Talk. <em>Multidisciplinary Approaches in Language Policy and Planning Conference. <\/em>University of Calgary, Calgary, Canada. September 3-5.<\/p>\n<p style=\"text-align: justify;\">Fratini, V.; Acha, J.; Laka, I. Frequency and morphological irregularity are independent variables. Evidence from a corpus study of Spanish verbs. <i>Encuentro de Gram\u00e1tica Generativa VII EGG7<\/i>. Museo de libro y de la lengua, Buenos Aires, Argentina, 29-31 July 2015.<\/p>\n<p style=\"text-align: justify;\">Acha, J., Sistiaga, A., Sainz, J., L\u00e1zaro, M., &amp; Illera, V. (2015, July). <a href=\"http:\/\/www.ehu.eus\/HEB\/wp-content\/uploads\/2015\/07\/NeighborNaming_Valencia_Acha.pdf\" target=\"_blank\">The role of letter identity and letter position in Spanish developing readers: Evidence with skilled and dyslexic children.<\/a> <em>12th Symposium of Psycholinguistics.<\/em> Valencia, Spain.<\/p>\n<p style=\"text-align: justify;\">Sistiaga, A., Estevez, M., Gazta\u00f1aga, M., Aliri, J., Labayru, G., Acha., J., &amp; Elorza., M.D. Prematurity and underweight: Predictors for psychomotor development?. <em>48th anual meeting of the International Society for Developmental Psychobiology. <\/em>Donostia-San Sebasti\u00e1, July 20-23, 2015.<\/p>\n<p style=\"text-align: justify;\">de la Cruz-Pav\u00eda, I., Elordieta, G., Gervain, J., Sebasti\u00e1n-Gall\u00e9s, N, and Laka, I. Frequency and prosody cues to phrase segmentation by adult bilinguals. Poster presented at:<i> International Conference on Interdisciplinary Advances in Statistical Learning, BCBL, San Sebastian, <\/i>June 25-27, 2015.<\/p>\n<p style=\"text-align: justify;\">Zawiszewski, A., Santesteban, M. and Laka, I. Agreement piece by piece: ERP evidence on person and number processing. Paper presented at <i>Agreement Across Borders Conference<\/i>, June 15 \u2013 16, 2015, Zadar, Croatia.<\/p>\n<p style=\"text-align: justify;\">Odria, A. The structural Case of Basque DOM objects: not only functional, but also configurational. <i>Colloquium on Generative Grammar 25<\/i>. May 21-23, 2015.<\/p>\n<p style=\"text-align: justify;\"><span class=\"il\">Berro<\/span>, A. <a href=\"http:\/\/basdisyn.net\/pdf\/Posterra%20prestatzen.pdf\" target=\"_blank\">The ergative subject in Basque: its relation to the predicate and the subeventive decomposition<\/a>. <em>25th Colloquium on Generative Grammar<\/em>. May 21-23, 2015, Baiona.<\/p>\n<p style=\"text-align: justify;\">Pastor, L. <a href=\"http:\/\/www.ehu.eus\/HEB\/wp-content\/uploads\/2015\/05\/Poster-Ikergazte [Final].pdf\" target=\"_blank\">Izen eta aditzen frekuentziak SVO eta SOV hizkuntzetan.<\/a> Poster presented at <em>IKERGAZTE 2015<\/em>, Durango, May 2015.<\/p>\n<p style=\"text-align: justify;\">Urteaga, M. (2015). <i>Hizkuntzaren prozesamendua garun-eremu motorrean<\/i>. Ikergazte 2015. UEU. Durango, May 13-15.<\/p>\n<p style=\"text-align: justify;\">Lindemann, D. &amp; San Vicente, I. <a href=\"http:\/\/www.ehu.eus\/HEB\/wp-content\/uploads\/2015\/05\/Lindemann_San_Vicente_Ikergazte_Poster.pdf\" target=\"_blank\">Corpusetan oinarritutako hiztegi elebidun berria sortzen. <\/a>Poster presented at <em>IKERGAZTE 2015<\/em>, Durango, May 2015.<\/p>\n<p style=\"text-align: justify;\">Laka, I. Biling\u00fcismo y Cognici\u00f3n. Ponente invitada. <em>XXXI Congreso de FEDADi, Federaci\u00f3n de Asociaciones de Directivos de Centros Educativos P\u00fablicos.<\/em> Durango, May 7-9 2015.<\/p>\n<p style=\"text-align: justify;\">de la Cruz-Pav\u00eda, I., Elordieta, G., Gervain, J., Sebasti\u00e1n-Gall\u00e9s, N., Werker, J., &amp; Laka, I. <a href=\"http:\/\/www.ehu.eus\/HEB\/wp-content\/uploads\/2015\/04\/CILS2015.pdf\" target=\"_blank\">Bilingual speech segmentation: The role of frequency-based and prosodic cues.<\/a> Poster presented at: <i>Centre for Intercultural Language Studies (CILS) 11th Annual Symposium &#8220;Bilingualism Across the Lifespan&#8221;.<\/i> UBC, Vancouver. May 1 2015.<\/p>\n<p style=\"text-align: justify;\">Torrego, E. <a href=\"http:\/\/www.ehu.es\/HEB\/wp-content\/uploads\/2015\/02\/Null pro in big DPs Abstract 45 LSRL.pdf\" target=\"_blank\">Null pro in big DPs.<\/a> <em>The 45th Linguistic Symposium on Romance Languages.<\/em> Campinas, S\u00e3o Paulo, Brazil. May 6 2015.<\/p>\n<p style=\"text-align: justify;\">Azkarate, M. &amp; Lindemann, D. Basque Lexicography and Purism. Paper presented at <i>The Role of Lexicography in Standardisation and Purification of Lesser Used Languages <\/i>Congress, Ljouwert\/Leeuwarden, April 17, 2015.<\/p>\n<p style=\"text-align: justify;\">Fratini, V.; Acha, J.; Laka, I. <a href=\"http:\/\/www.ehu.eus\/HEB\/wp-content\/uploads\/2015\/05\/BAW Lectura y dislexia Fratini, Acha, Laka.pdf\" target=\"_blank\">Lectura y Dislexia<\/a>. Poster presented at <em>the Brain Awareness Week 2015.<\/em> Donostia-San Sebasti\u00e1n, March 2015.<\/p>\n<p style=\"text-align: justify;\">Zawiszewski, A.; Erdozia, K. <a href=\"http:\/\/www.ehu.eus\/HEB\/wp-content\/uploads\/2015\/05\/brainawareness2_ke.pdf\" target=\"_blank\">Hizkuntzaren elektrizitatea. La electricidad del lenguaje. <\/a>Poster presented at <em>the Brain Awareness Week 2015.<\/em> Donostia-San Sebasti\u00e1n, March 2015.<\/p>\n<p style=\"text-align: justify;\">Pastor, L. <a href=\"http:\/\/www.ehu.eus\/HEB\/wp-content\/uploads\/2015\/05\/Poster15-Luis.pdf\" target=\"_blank\">Hizkuntzaren eboluzioa eta burmuina.<\/a> Poster presented at <em>the Brain Awareness Week 2015.<\/em> Donostia-San Sebasti\u00e1n, March 2015.<\/p>\n<p style=\"text-align: justify;\">Arantzeta, M.; Bastiaanse, R.; Burchert, F.; Martinez-Zabaleta, M. &amp; Laka, I. <a href=\"http:\/\/www.ehu.eus\/HEB\/wp-content\/uploads\/2015\/05\/Poster14-MArantzeta.pdf\" target=\"_blank\">Hizkuntz ulermen arazoak iktusaren ondorioz: hitz ordenaren efektua afasiadun euskaldunetan. <\/a>Poster presented at <em>the Brain Awareness Week 2015.<\/em> Donostia-San Sebasti\u00e1n, March 2015.<\/p>\n<p style=\"text-align: justify;\">Santesteban, M. Elebitasuna eta hizkuntzaren ekoizpena. Oral communication presented at the <i>Bilingualism Matters Spanish branch launch event. <\/i>March 18, 2015. Vitoria-Gasteiz, Spain.<\/p>\n<p style=\"text-align: justify;\">Santesteban, M. <a href=\"http:\/\/www.ehu.eus\/HEB\/wp-content\/uploads\/2015\/05\/brainawareness_MIKEL_Poster 17.JPG\" target=\"_blank\">Elebitasuna eta garuna. Biling\u00fcismo y cerebro.<\/a> Poster presented at <em>the Brain Awareness Week 2015.<\/em> Donostia-San Sebasti\u00e1n, March 2015.<\/p>\n<p style=\"text-align: justify;\">Urteaga, M. <a href=\"http:\/\/www.ehu.eus\/HEB\/wp-content\/uploads\/2015\/05\/Poster12-Miren.pdf\" target=\"_blank\">Ispilu-Neuronak eta hizkuntza.<\/a> Poster presented at <em>the Brain Awareness Week 2015.<\/em> Donostia-San Sebasti\u00e1n, March 2015.<\/p>\n<p style=\"text-align: justify;\">Laka, I. Sarasola eta Hizkuntzalaritza. <i>Ibon Sarasola, Gorazarre, Homenatge, Homenaje.<\/i> Centro Carlos Santamaria, UPV\/EHU, Donostia-San Sebasti\u00e1n. March 13 2015.<\/p>\n<p style=\"text-align: justify;\">Azkarate, M. OEHtik EEHra edo XV. mendetik XXI. mendera. <i>Ibon Sarasola, Gorazarre, Homenatge, Homenaje.<\/i> Centro Carlos Santamaria, UPV\/EHU, Donostia-San Sebasti\u00e1n. March 13 2015.<\/p>\n<p style=\"text-align: justify;\">Tagarelli, K.M., Jiang, X., Shattuck, K.F., Laka, I., Barbey, A.K., VanMeter, J.W., Morgan-Short, K., Mackey, A., Newman, A.J., Turkeltaub, P.E., Newport, E.L., Ullman, M.T. <a href=\"http:\/\/www.ehu.eus\/HEB\/wp-content\/uploads\/2015\/04\/CNS2015_Tagarellietal_MiniBasque-HANDOUT.pdf\" target=\"_blank\">The neural trajectory of adult second language acquisition: An fMRI study of learning a reduced natural language.<\/a> Poster presented at <em>the 22nd Annual meeting of the Cognitive Neuroscience Society.<\/em> San Francisco, CA. March 2015.<\/p>\n<p style=\"text-align: justify;\">Lindemann, D.; San Vicente, I. <em>Building corpus-based frequency lemma lists<\/em>. 7\u00b0 Congreso Internacional de Lingu\u00edstica de Corpus (CILC 2015). Valladolid (Spain). March, 5-7, 2015.<\/p>\n<p style=\"text-align: justify;\">Laka, I. C\u00f3mo habla tu cerebro. Conferencia invitada, <i>Jakin-mina, Jakiunde<\/i>, Academia de Ciencias, Artes y Letras del Pa\u00eds Vasco, February 6 2015.<\/p>\n<p style=\"text-align: justify;\">Laka, I. El lenguaje como oportunidad pedag\u00f3gica. Ponente invitada, <i>Jornades GrOC Gram\u00e0tica Orientada a les Compet\u00e8ncies<\/i>, Univesidad Aut\u00f3noma de Barcelona, February 5 2015.<\/p>\n<p class=\"MsoNormal\"><span style=\"font-family: 'Times New Roman','serif'; color: white;\">.<\/span><\/p>\n<p class=\"MsoNormal\"><span style=\"font-family: 'Times New Roman','serif'; color: white;\">.<\/span><\/p>\n<p class=\"MsoNormal\"><span style=\"font-family: 'Times New Roman','serif'; color: white;\">.<\/span><\/p>\n<p class=\"MsoNormal\"><span style=\"font-family: 'Times New Roman','serif'; color: white;\">.<\/span><\/p>\n<p class=\"MsoNormal\"><span style=\"font-family: 'Times New Roman','serif'; color: white;\">.<\/span><\/p>\n<p class=\"MsoNormal\"><span style=\"font-family: 'Times New Roman','serif'; color: white;\">.<\/span><\/p>\n<p class=\"MsoNormal\"><span style=\"font-family: 'Times New Roman','serif'; color: white;\">.<\/span><\/p>\n<p class=\"MsoNormal\"><span style=\"font-family: 'Times New Roman','serif'; color: white;\">.<\/span><\/p>\n<p class=\"MsoNormal\"><span style=\"font-family: 'Times New Roman','serif'; color: white;\">.<\/span><\/p>\n<p class=\"MsoNormal\"><span style=\"font-family: 'Times New Roman','serif'; color: white;\">.<\/span><\/p>\n<p class=\"MsoNormal\"><span style=\"font-family: 'Times New Roman','serif'; color: white;\">.<\/span><\/p>\n<p><\/p>","protected":false},"excerpt":{"rendered":"<p>Berro, A. Inacusatividad e inergatividad en las variedades del euskera: predicados alternantes. La informaci\u00f3n sint\u00e1ctica en los altas ling\u00fc\u00edsticos.\u00a0Barcelona. November 26-27. Laka, I. La ling\u00fc\u00edstica electrificada: lo que la electrofisiolog\u00eda nos revela sobre la estructura del lenguaje. Invited talk. Seminario &hellip; <a href=\"https:\/\/www.ehu.eus\/HEB\/conferences-2015\/\">Continue reading <span class=\"meta-nav\">&rarr;<\/span><\/a><\/p>\n","protected":false},"author":2,"featured_media":0,"parent":0,"menu_order":0,"comment_status":"closed","ping_status":"closed","template":"","meta":{"footnotes":""},"_links":{"self":[{"href":"https:\/\/www.ehu.eus\/HEB\/wp-json\/wp\/v2\/pages\/11842"}],"collection":[{"href":"https:\/\/www.ehu.eus\/HEB\/wp-json\/wp\/v2\/pages"}],"about":[{"href":"https:\/\/www.ehu.eus\/HEB\/wp-json\/wp\/v2\/types\/page"}],"author":[{"embeddable":true,"href":"https:\/\/www.ehu.eus\/HEB\/wp-json\/wp\/v2\/users\/2"}],"replies":[{"embeddable":true,"href":"https:\/\/www.ehu.eus\/HEB\/wp-json\/wp\/v2\/comments?post=11842"}],"version-history":[{"count":8,"href":"https:\/\/www.ehu.eus\/HEB\/wp-json\/wp\/v2\/pages\/11842\/revisions"}],"predecessor-version":[{"id":12674,"href":"https:\/\/www.ehu.eus\/HEB\/wp-json\/wp\/v2\/pages\/11842\/revisions\/12674"}],"wp:attachment":[{"href":"https:\/\/www.ehu.eus\/HEB\/wp-json\/wp\/v2\/media?parent=11842"}],"curies":[{"name":"wp","href":"https:\/\/api.w.org\/{rel}","templated":true}]}}