{"id":15079,"date":"2020-09-28T11:44:31","date_gmt":"2020-09-28T11:44:31","guid":{"rendered":"http:\/\/www.ehu.eus\/HEB\/?page_id=15079"},"modified":"2025-11-18T11:40:21","modified_gmt":"2025-11-18T11:40:21","slug":"victoria_cano","status":"publish","type":"page","link":"https:\/\/www.ehu.eus\/HEB\/victoria_cano\/","title":{"rendered":"VICTORIA CANO S\u00c1NCHEZ"},"content":{"rendered":"<p><\/p>\n<p style=\"text-align: center;\"><a href=\"http:\/\/www.ehu.eus\/HEB\/wp-content\/uploads\/2022\/07\/VictoriaCano.jpg\"><img loading=\"lazy\" decoding=\"async\" class=\"alignnone size-medium wp-image-16014\" src=\"http:\/\/www.ehu.eus\/HEB\/wp-content\/uploads\/2022\/07\/VictoriaCano-239x300.jpg\" alt=\"\" width=\"239\" height=\"300\" srcset=\"https:\/\/www.ehu.eus\/HEB\/wp-content\/uploads\/2022\/07\/VictoriaCano-239x300.jpg 239w, https:\/\/www.ehu.eus\/HEB\/wp-content\/uploads\/2022\/07\/VictoriaCano-816x1024.jpg 816w, https:\/\/www.ehu.eus\/HEB\/wp-content\/uploads\/2022\/07\/VictoriaCano-768x964.jpg 768w, https:\/\/www.ehu.eus\/HEB\/wp-content\/uploads\/2022\/07\/VictoriaCano.jpg 1080w\" sizes=\"(max-width: 239px) 100vw, 239px\" \/><\/a><\/p>\n<p style=\"text-align: center;\"><strong>Ph.D. Candidate<\/strong><\/p>\n<p style=\"text-align: center;\">Micaela Portilla Ikergunea Research Center, Office 3.2<br \/>\nDept. of Linguistics and Basque Studies<br \/>\nUniversity of the Basque Country (UPV\/EHU)<br \/>\n1 Justo V\u00e9lez de Elorriaga, Street<br \/>\n01006 Vitoria-Gasteiz<\/p>\n<p style=\"text-align: center;\">\u00a0<a href=\"mailto:victoria.cano@ehu.eus\">victoria.cano@ehu.eus \/ vcs.canosanchez@gmail.com<\/a><br \/>\nTelephone: +34 945 014 452<\/p>\n<div class=\"et_pb_module et_pb_image et_pb_image_1\" style=\"text-align: center;\"><a href=\"https:\/\/orcid.org\/0009-0003-0130-0849\" target=\"_blank\" rel=\"noopener\"><span class=\"et_pb_image_wrap \"><img loading=\"lazy\" decoding=\"async\" class=\"wp-image-1461 aligncenter\" title=\"Orcid logo\" src=\"https:\/\/vcstraducciones.com\/wp-content\/uploads\/2024\/05\/Orcid-logo.png\" sizes=\"(min-width: 0px) and (max-width: 480px) 480px, (min-width: 481px) 543px, 100vw\" srcset=\"https:\/\/vcstraducciones.com\/wp-content\/uploads\/2024\/05\/Orcid-logo.png 543w, https:\/\/vcstraducciones.com\/wp-content\/uploads\/2024\/05\/Orcid-logo-480x480.png 480w\" alt=\"\" width=\"30\" height=\"30\" \/><\/span><\/a><a style=\"font-size: 16px; text-align: center;\" href=\"https:\/\/scholar.google.es\/citations?hl=es&amp;user=PpdPCG8AAAAJ\" target=\"_blank\" rel=\"noopener\">Google scholar citation profile<\/a><\/div>\n<p style=\"text-align: center;\"><a href=\"https:\/\/victoriacanosanchez.github.io\/\" target=\"_blank\" rel=\"noopener\">Personal website<\/a><\/p>\n<p class=\"\" style=\"text-align: justify;\" data-start=\"197\" data-end=\"945\">I hold a Ph.D. in Linguistics (International, <em>Cum Laude<\/em>) from the University of the Basque Country. My research\u00a0 focuses on language processing in healthy aging.<\/p>\n<p style=\"text-align: justify;\"><strong>Research interests:<\/strong> <em>Neurolinguistics, psycholinguistics, language processing, (healthy) ageing, lexical prediction, agreement computation, executive functions, memory, bilingualism, neuroimaging techniques<\/em>.<\/p>\n<p><strong>EDUCATION <\/strong><\/p>\n<p style=\"text-align: justify;\"><strong>2020-2025: <\/strong>Ph.D. in Linguistics (<em>Cum Laude<\/em>), Linguistics and Basque Studies Department, University of the Basque Country (UPV\/EHU), Basque Country.<\/p>\n<p style=\"text-align: justify;\"><strong>2018-2019:<\/strong> M.Sc. (Honors), in Theoretical and Experimental Linguistics, University of the Basque Country (UPV\/EHU), Basque Country.<\/p>\n<p style=\"text-align: justify;\"><strong>2012-2016:<\/strong> B.A. (Honors), Translation and Interpreting Studies, University of M\u00e1laga (UMA), Spain.<\/p>\n<p><strong>OTHER ACADEMIC DEGREES<\/strong><\/p>\n<p style=\"text-align: justify;\"><strong>2021- 2023:<\/strong> M.A. (Honors), in Legal Translation, University of C\u00f3rdoba (UCO), Spain.<\/p>\n<p style=\"text-align: justify;\"><strong>2016-2017:<\/strong> M.A. (Honors), in Teacher Training for Compulsory Secondary Education, Baccalaureate, Vocational Training and Language Teaching, University of Alicante (UA), Spain.<\/p>\n<p style=\"text-align: justify;\"><strong>2006-2010:<\/strong>Professional Level Music Degree- <em>Clarinet (major) and Piano (complementary)<\/em>; Conservatory &#8220;Guitarrista Jos\u00e9 Tom\u00e1s&#8221; of Alicante, Spain.<\/p>\n<p><strong>WORK EXPERIENCE IN ACADEMIA<\/strong><\/p>\n<p><strong>Academic employment:<\/strong><\/p>\n<p style=\"text-align: justify;\"><strong>2020-2025<\/strong>: Predoctoral contract for the Training of Research Stuff (FPI, for its Spanish acronym <em>Formaci\u00f3n para el Personal Investigador<\/em>) [FPI; PRE2019-089691]. Research project: Cross-Ling- Ministry of Science, Innovation, and Universities funded research project (PIs: Dr. Kepa Erdozia and Dr. Mikel Santesteban).<\/p>\n<p><strong>2022<\/strong>: National evaluator of the <strong>ANECA-ACREDITA<\/strong> programs (bachelor&#8217;s and master&#8217;s degrees) for the renewal and initial accreditation of official degrees offered by the Spanish universities.<\/p>\n<p><strong>Teaching experience<br \/>\n<\/strong><\/p>\n<p style=\"text-align: justify;\"><strong>Spring 2023: <\/strong>Undergraduate <em>Psycholinguistics<\/em>.<\/p>\n<p><strong>2017-2018:<\/strong> Spanish lecturer. Tours, France.<\/p>\n<p><strong>Academic service<br \/>\n<\/strong><\/p>\n<p>a) Ad hoc journal reviewer: Journal of Cognition.<\/p>\n<p>b) Conference reviewer: International Symposium of Psycholinguistics, Workshop on Language Processing in Aging.<\/p>\n<p style=\"text-align: justify;\">c) Conference organization: Volunteer at the Null Objects from a Crosslinguistic and Developmental Perspective (NOCropDep) conference (2025); Congress of the Association of Young Linguists (AJL, becaues of its Spanish acronym: <em>Asociaci\u00f3n de J\u00f3venes Ling\u00fcistas<\/em>) (2025); Workshop on Language Processing in Aging (2024); XVI International Symposium of Psycholinguistics (2023).<\/p>\n<p style=\"text-align: justify;\">d) Scientific committee: Workshop on Language Processing in Aging (2024); XVI International Symposium of Psycholinguistics (2023).<\/p>\n<p><strong>PUBLICATIONS &amp; MANUSCRIPTS<\/strong><\/p>\n<p><strong>Cano-S\u00e1nchez, V.<\/strong>, Laka, I., Foucart, A. &amp; Santesteban, M. (<em>in prep.<\/em>). Word anticipation across the lifespan: age-related differences.<\/p>\n<p style=\"text-align: justify;\">Benaiges, K.*, Cano-S\u00e1nchez, V.*, &amp; Santesteban, M. (<em>in prep<\/em>. <em>about to be submitted<\/em>) Does bilingualism shape predictive language processing? Evidence from lexical and morphosyntactic cues. <em>Bilingualism: Language and Cognition\u00a0\u00a0<\/em><\/p>\n<p style=\"text-align: justify;\"><strong>Cano-S\u00e1nchez, V., <\/strong>Laka, I. &amp; Santesteban, M. (<em>under review.<\/em>) Predictive abilities in language processing in the healthy elderly brain: a focus on lexical and morphosyntactic processing. <em>Journal of Language, Cognition and Neuroscience.<\/em><\/p>\n<p style=\"text-align: justify;\"><strong>Cano-S\u00e1nchez, V. <\/strong>&amp; Fuente-Garc\u00eda, P. (2023). Can older adults anticipate words <em>better<\/em> than younger adults? [outreach article]. <em>Mapping Ignorance<\/em>, Basque Country. [Available <a href=\"https:\/\/mappingignorance.org\/2023\/10\/16\/can-older-adults-anticipate-words-better-than-younger-adults\/\">here<\/a> in English].<\/p>\n<p style=\"text-align: justify;\">Fuente-Garc\u00eda, P. &amp; <strong>Cano-S\u00e1nchez, V.<\/strong> (2023). Bilingualism and cognitive reserve: unlocking the benefits of multilingualism [outreach article]. <em>Mapping Ignorance<\/em>, Basque Country. [Available <a href=\"https:\/\/mappingignorance.org\/2023\/05\/29\/bilingualism-and-cognitive-reserve-unlocking-the-benefits-of-multilingualism\/#:~:text=Bilingualism%20offers%20a%20range%20of,understanding%2C%20communication%2C%20and%20diversity.\">here<\/a> in English].<\/p>\n<p style=\"text-align: left;\"><strong>PRESENTATIONS IN CONFERENCES<\/strong><\/p>\n<p><strong>Conference talks:<\/strong><\/p>\n<p style=\"text-align: justify;\"><strong>Cano-S\u00e1nchez, V.,<\/strong> Laka, I., Foucart, A. &amp; Santesteban, M (2025). Eye-tracking the aging mind: predictive processing and cognitive decline. Talk at the <em>XXXIX Asociaci\u00f3n de J\u00f3venes Ling\u00fcistas<\/em> <em>(AJL)<\/em>, Vitoria-Gasteiz, (Basque Country), 1<sup>st<\/sup>-3<sup>rd <\/sup>October, 2025.<\/p>\n<p style=\"text-align: justify;\">Santesteban, M., Laka, I., Foucart, A. &amp; <strong>Cano-S\u00e1nchez, V.<\/strong> (2025). <span data-olk-copy-source=\"MessageBody\">Exploring predictive processing and cognitive decline in aging: an eye-tracking approach. Talk at the <em>XVII Symposium of Psycholinguistics,\u00a0<\/em>Barcelone (Spain), 26<sup>th<\/sup>-28<sup>th<\/sup> May 2025.<\/span><\/p>\n<p style=\"text-align: justify;\"><strong>Cano-S\u00e1nchez, V.<\/strong>, Laka, I., &amp; Santesteban, M. (2025). Age-related vulnerability and cognitive load on agreement errors: insights from an eye-tracking study in Spanish. Talk at the <em>LIII<\/em> <em>Symposium of the Spanish Society of Linguistics<\/em> (SEL 2025), Salamanca, Castilla y Le\u00f3n (Spain), 2o<sup>th<\/sup> -23<sup>rd<\/sup> January 2025.<\/p>\n<p style=\"text-align: justify;\"><strong>Cano-S\u00e1nchez, V.<\/strong>, Laka, I., Reifegerste, J. &amp; Santesteban, M. (2024). Age-related differences in agreement processing: insights from an eye-tracking study. Talk at the <em>AMLaP-Asia conference, <\/em>Singapore (Asia), 5<sup>th<\/sup> -7<sup>th<\/sup> December 2024.<\/p>\n<p style=\"text-align: justify;\"><strong>Cano-S\u00e1nchez, V.<\/strong>, Laka, I., Santesteban, M. (2024). Age-related decline in agreement resolution: an eye-tracking study in Spanish. Talk at the <em>International SEPEX Meeting, <\/em>Almer\u00eda, Andaluc\u00eda (Spain), 23<sup>rd<\/sup>-25<sup>th<\/sup> October 2024.<\/p>\n<p style=\"text-align: justify;\"><b>Cano-S\u00e1nchez, V.<\/b>, Laka, I. &amp; Santesteban, M. (2024). Aging effects in prediction and agreement processing. Talk at the <i>Workshop on Language Processing in Healthy Aging<\/i>, Vitoria-Gasteiz, Basque Country, (Spain), 23<sup>rd<\/sup> May 2024.<\/p>\n<p style=\"text-align: justify;\"><strong>Cano-S\u00e1nchez, V.<\/strong>, Laka, I. &amp; Santesteban, M. (2023). Eye tracking agreement processing and attraction errors in aging: A Subject-Verb agreement study in Spanish. Talk at <em>the <\/em><em>International Multidisciplinary Symposium for PhD Students (CIMED)<\/em>, San Crist\u00f3bal de La Laguna, Tenerife, Canary Islands (Spain), 22<sup>nd<\/sup>-24<sup>th<\/sup> March 2023.<\/p>\n<p style=\"text-align: justify;\"><strong>Cano-S\u00e1nchez, V.<\/strong>, Laka, I. y Santesteban, M. (2021). Eyetracking prediction and ungrammaticality detection in the healthy aging brain.<em> Talk at the Architectures and Mechanisms of Language Processing (AMLaP) conference,<\/em> Paris (France), 2<sup>nd<\/sup>-4<sup>th<\/sup> S 2021.<\/p>\n<p style=\"text-align: justify;\"><strong>Cano-S\u00e1nchez, V.<\/strong>, Laka, I. &amp; Santesteban, M. (2021) Prediction and ungrammaticality detection: Young vs. old adults. Talk at the <em>International Online Workshop on Language in Healthy and Pathological Aging (Agelang)<\/em>, 29<sup>th<\/sup>-30<sup>th<\/sup> April 2021. https:\/\/agelang.wordpress.com\/<\/p>\n<p><strong>Poster presentations:<\/strong><\/p>\n<p style=\"text-align: justify;\"><strong>Cano-S\u00e1nchez, V.<\/strong>, Laka, I., Foucart, A. &amp; Santesteban, M (2025). Real time word anticipation across the lifespan: age-related differences. Poster at the <em>17<sup>th<\/sup> Annual Meeting of the Society for the Neurobiology of Language (SNL)<\/em>, Washington (EE.UU), 12<sup>th<\/sup>-14<sup>th<\/sup> September 2025. [<a href=\"https:\/\/osf.io\/u86sk\/files\/5cjm4\">Link<\/a>].<\/p>\n<p style=\"text-align: justify;\"><strong>Cano-S\u00e1nchez, V.<\/strong>, Laka, I., Foucart, A. &amp; Santesteban, M. (2025). Eye-tracking predictive processing and cognitive decline. Poster at the <em>38th Annual Conference on Human Sentence Processing <\/em>(HSP), Maryland (EE.UU), 27<sup>th<\/sup>-29<sup>th<\/sup> March, 2025. [<a href=\"https:\/\/osf.io\/jf4cq\">Link<\/a>].<\/p>\n<p style=\"text-align: justify;\"><strong>Cano-S\u00e1nchez, V.<\/strong>, Laka, I. &amp; Santesteban, M. (2025). Agreement attraction and cognitive load in the aging-brain: eye-tracking evidence from Spanish. Poster at the <em>38th Annual Conference on Human Sentence Processing <\/em>(HSP), Maryland (EE.UU), 27<sup>th<\/sup> -29<sup>th<\/sup> March, 2025. [<a href=\"https:\/\/osf.io\/2r5dm\">Link<\/a>].<\/p>\n<p style=\"text-align: justify;\"><b>Cano-S\u00e1nchez, V.<\/b>, Laka, I. Lago, S., Reifegerste, J. &amp; Santesteban, M. (2024). Aging increases agreement errors: eye-tracking older and younger adults. Poster at the the <em>Architectures and Mechanisms of Language Processing <\/em>(AMLaP), Edinbourgh, Scotland (UK), 5<sup>th<\/sup> -7<sup>th<\/sup> \u00a0 September 2024. [<a href=\"https:\/\/osf.io\/9prd2\">Link<\/a>].<\/p>\n<p style=\"text-align: justify;\"><strong>Cano-S\u00e1nchez, V.<\/strong>, Laka, I., Lago, S., Reifegerste, J. y Santesteban, M. (2023). Eyetracking agreement and attraction effects in the aging brain: A Subject-verb agreement comprehension study in Spanish. Poster at the <em>XVI International Symposium of Psycholinguistics<\/em>, Vitoria-Gasteiz, (Basque Country), 31<sup>st<\/sup>-2<sup>nd<\/sup> June 2023. [<a href=\"https:\/\/osf.io\/k7dcr\">Link<\/a>].<\/p>\n<p style=\"text-align: justify;\"><strong>Cano-S\u00e1nchez, V.<\/strong>, Laka, I., Lago, S., Reifegerste, J. &amp; Santesteban, M. (2022). Eye tracking subject-verb agreement attraction errors in the bilingual aging brain. Poster at <em>Workshop on L2 Sentence and Discourse Processing<\/em>, Cologne (Germany), 18<sup> th<\/sup> November 2022. [<a href=\"https:\/\/osf.io\/jrxy9\">Link<\/a>].<\/p>\n<p style=\"text-align: justify;\"><strong>Cano-S\u00e1nchez, V.<\/strong>, Laka, I. &amp; Santesteban, M. (2021). Predictability in the healthy aging brain: an eye-tracking study of sentence comprehension in older adult Spanish speakers. Poster at the <em>XV International Symposium of Psycholinguistics <\/em>(ISP), Madrid (Spain), 22<sup>nd<\/sup>-25<sup>th<\/sup> June 2021. [<a href=\"https:\/\/osf.io\/6c3wv\">Link<\/a>].<\/p>\n<p style=\"text-align: justify;\"><strong>Cano-S\u00e1nchez, V.<\/strong> &amp; Santesteban, M. (2020). Eye tracking syntax, semantics and working memory during sentence processing. Poster at the <em>Cross-Language Interplay in a Bilingual Mind and Erasmus I-Brain event<\/em>, Moscow (Russia) 10<sup>th<\/sup>-12<sup>th <\/sup>December 2020. [<a href=\"https:\/\/osf.io\/tm928\">Link<\/a>].<\/p>\n<p style=\"text-align: justify;\"><strong>Cano-S\u00e1nchez<\/strong><strong>, V.<\/strong> &amp; Santesteban, M. (2019). On the interaction between syntax, semantics and working memory during sentence processing: An eye tracking study. Poster at the <em>6<sup>th<\/sup> Summer School on Bi- and Multilingualism<\/em>, Barcelone (Spain) 17<sup>th<\/sup>\u201320<sup>th<\/sup> September 2019. [<a href=\"https:\/\/osf.io\/y9cgj\">Link<\/a>].<\/p>\n<p style=\"text-align: left;\"><strong>SCIENTIFIC OUTREACH<\/strong><\/p>\n<p style=\"text-align: justify;\"><strong>Participation <\/strong>in the 2024 edition of the <em>Bilingual Mind<\/em> and <em>She Mentoring <\/em>physical stands for the <em>Week of Science, Technology and Innovation<\/em> organized by the University of the Basque Country.<\/p>\n<p style=\"text-align: justify;\"><strong>Cano-S\u00e1nchez, V<\/strong>. (2024). Unlocking the adult brain: a <em>look<\/em> at that predictive machine [outreack talk]. <em>Week of Science, Technology and Innovation<\/em> (zientzia club-monologue), University of the Basque Country (Spain), 8<sup>th<\/sup> November 2024 [Available <a href=\"https:\/\/www.youtube.com\/watch?v=lEHaHa2yQHg\">here<\/a> in Spanish]<\/p>\n<p style=\"text-align: justify;\"><strong>Participation\u00a0<\/strong>in the online edition (2024) of the <em>She Mentoring<\/em> campaign at the <em>European Researchers&#8217; Night<\/em>, 27<sup>th<\/sup> september 2024.<\/p>\n<p style=\"text-align: justify;\"><strong>Cano-S\u00e1nchez, V.<\/strong> (2024). How do we process language during healthy aging? Changes, invariable aspects and causes [outreach talk]. <em>Seminar series of the Linguistics Department<\/em>. University of M\u00e1laga, M\u00e1laga (Spain), 18<sup>th<\/sup> April, 2024.<\/p>\n<p style=\"text-align: justify;\"><strong>Participation <\/strong>in the 2023 edition of the <em>Bilingual Mind<\/em> and <em>She Mentoring <\/em>physical stands for the <em>Week of Science, Technology and Innovation<\/em> organized by the University of the Basque Country.<\/p>\n<p style=\"text-align: justify;\"><strong>Cano-S\u00e1nchez, V.<\/strong> (2023). Finalist at the 3 minutes thesis competition [outreach talk]. The Science Week, Nebrija University, Madrid (Spain), 16<sup>th<\/sup>-17<sup>th<\/sup> November, 2023. [Available <a href=\"https:\/\/www.youtube.com\/watch?v=jxMC5dx-5-I\">here<\/a> in Spanish. Minute onwards: 46:27].<\/p>\n<p style=\"text-align: justify;\"><strong>Cano-S\u00e1nchez, V.<\/strong> (2023). The aging brain: a <em>predictive machine<\/em> with \u201cgains and losses\u201d [outreach talk]. <em>Week of Science, Technology and Innovation<\/em>\u00a0<em>, <\/em>University of the Basque Country, Basque Country (Spain), 12<sup>th<\/sup> November, 2023.<\/p>\n<p style=\"text-align: justify;\"><strong>Cano-S\u00e1nchez, V<\/strong>. What does your research consist of? How does it align with the sustainable developmental goals? (2023). Talk at the <em>III Doctoral Seminar (Planeta Group)<\/em>: <em>sustainable developmental objectives [ODS_EHUagenda2030]<\/em>, Bilbao, Basque Country (Spain), 6<sup>th<\/sup> July 2023.<\/p>\n<p style=\"text-align: justify;\"><strong>Cano-S\u00e1nchez<\/strong>, <strong>V.<\/strong> (2022). Language processing in healthy aging [outreach talk], <em>Seminar series of the Gogo Elebiduna Group at <\/em>the University of the Basque Country, Gipuzkoa (Spain), 6<sup>th<\/sup> April 2022.<\/p>\n<p style=\"text-align: justify;\"><strong>Cano-S\u00e1nchez, V.<\/strong> (2022). SheMentoring: Female scientists you could run into the street [outreach video]. <em>Week of Science, Technology and Innovation <\/em>, University of the Basque Country, online, November 2022. [Available <a href=\"https:\/\/www.youtube.com\/watch?v=cqKqS3bRqf4\">here<\/a> in Spanish].<\/p>\n<p style=\"text-align: justify;\"><strong>Cano-S\u00e1nchez, V.<\/strong> (2022). The stroop effect [outreach video] at the <em>Week of Science, Technology and Innovation <\/em>, University of the Basque Country, online, November 2022. [Available <a href=\"https:\/\/www.youtube.com\/watch?v=IwEO-B0Ee2Q\">here<\/a> in Spanish].<\/p>\n<p style=\"text-align: justify;\"><strong>Cano-S\u00e1nchez, V.<\/strong> (2021). Can bilinguals predict the upcoming words? [outreach video]. Based on the paper <em>Can bilinguals see it coming? Word anticipation in L2 sentence reading<\/em> by Foucart et.al. (2014). <em>Red Acelera<\/em>, Univerisdad de Nebrija, online, March 2021. [Available <a href=\"https:\/\/vimeo.com\/545896080\">here<\/a> in Spanish].<\/p>\n<p style=\"text-align: justify;\"><strong>Cano-S\u00e1nchez, V.<\/strong> (2021). The stroop effect [outreach video] at the <em>Week of Science, Technology and Innovation<\/em>, University of the Basque Country, online, November 2021. [Available <a href=\"https:\/\/www.youtube.com\/watch?v=IwEO-B0Ee2Q\">here<\/a> in Spanish].<\/p>\n<p style=\"text-align: left;\"><strong>NATIONAL AND INTERNATIONAL SEMINARS<\/strong><\/p>\n<p style=\"text-align: justify;\"><strong>Cano-Sanchez, V.<\/strong>, Laka, I.,\u00a0 &amp; Santesteban, M. (2025). From words to grammar. Predictive mechanisms in healthy aging [colloquium speaker]. <em>BASLA Linguistics seminar series<\/em>, University of the Balearic Islands (UIB), 10th October, 2025.<\/p>\n<p style=\"text-align: justify;\"><strong>Cano-S\u00e1nchez, V.<\/strong>, Laka, I. &amp; Santesteban, M. (2025). Language prediction across the lifespan: evidence from natural reading &amp; future directions [colloquium speaker]. <em>HiTT Linguistics: <\/em><em>Talks on Formal Linguistics seminar series<\/em>.\u00a0 University of the Basque Country (UPV\/EHU), Vitoria-Gasteiz (Basque Country), 30th October, 2025.<\/p>\n<p style=\"text-align: justify;\"><strong>Cano-S\u00e1nchez, V.<\/strong>, Laka, I. &amp; Santesteban, M. (2025). Predictive processing and agreement attraction computation: a lifespan perspective [colloquium speaker]. <em>IKER-CNRS UMR5478 Research Center,<\/em> 22nd July, 2025.<\/p>\n<p style=\"text-align: justify;\"><strong>Cano-S\u00e1nchez, V.<\/strong>, Laka, I., &amp; Santesteban, M. (2024). Aging and cognitive load: challenges in agreement processing in Spanish [invited speaker].\u00a0 <em>GRECIL Lab, eHealth Center, Universitat Oberta de Catalunya (UOC), Health Sciences department, <\/em>15<sup>th<\/sup> October 2024.<\/p>\n<p style=\"text-align: justify;\"><strong>Cano-S\u00e1nchez, V.<\/strong>, Laka, I., &amp; Santesteban, M. (2024). Age-related decline and cognitive load in agreement resolution [colloquium speaker]. <em>NeuroADaS Lab, eHealth Center, Universitat Oberta de Catalunya (UOC), Health Sciences department, <\/em>11<sup>th<\/sup> October 2024.<\/p>\n<p style=\"text-align: justify;\"><strong>Cano-S\u00e1nchez, V.\u00a0<\/strong>(2024). Language processing in healthy aging:\u00a0<em>gains and losses\u00a0<\/em>while tracking the adult brain. Evidence from two comprehension studies about\u00a0 agreement computation in Spanish [invited speaker].<em> Permanent linguistics\u00a0 seminar<\/em>, University of M\u00e1laga, 19<sup>th<\/sup> April 2024 [More information <a href=\"https:\/\/www.uma.es\/grupo-de-investigacion-vernaculo-urbano-malagueno-hum-392\/noticias\/conferencia-victoria-cano\/\">here<\/a>].<\/p>\n<p style=\"text-align: justify;\"><strong>Cano-S\u00e1nchez, V.<\/strong>, Laka, I., &amp; Santesteban, M. (2022). Eye-tracking agreement processing and attraction errors in native (and non-native) aging population: A subject-verb agreement study in Spanish [colloquium speaker]. <em>Psycholinguistics colloquium, <\/em>Institut f\u00fcr Romanishce Sprachen und Literaturen, Goethe University, Frankfurt, 1st December, 2022.<\/p>\n<p><strong>Cano-S\u00e1nchez, V.<\/strong>, Laka I., &amp; Santesteban, M. (2020-2025). Universidad del Pa\u00eds Vasco (UPV\/EHU).\u00a0<em>Gogo Elebiduna<\/em> (regular seminars).<\/p>\n<p style=\"text-align: left;\"><strong>ADDITIONAL ACADEMIC TRAINING<\/strong><\/p>\n<p style=\"text-align: justify;\"><strong>2025:<\/strong> 8th edition of the Summer School of the <em>Institute for Language, Communication and the Brain (ILCB)<\/em>. <em>Centre National de Rencontres Math\u00e9matiques (CNRS), Aix Marseille Universit\u00e9 (amU)<\/em>. Marseille, France.<\/p>\n<p style=\"text-align: justify;\"><strong>2025:<\/strong> Workshop on Bayesian statistics, IKER-CNRS UMR5478 Research Center.<\/p>\n<p style=\"text-align: justify;\"><strong>2025:<\/strong> &#8220;Statistics for Linguists: Mixed-effects Models&#8221; course. University of the Basque Country (UPV\/EHU).<\/p>\n<p style=\"text-align: justify;\"><strong>2024: <\/strong>Summer school &#8220;Methods in Language Sciences&#8221;: Expert track (categorical &amp; multivariate data analysis with R), University of Ghent, Belgium.<\/p>\n<p style=\"text-align: justify;\"><strong>2024: <\/strong>Symposium: How we learn our first language(s). <em>Iker UMR5478 Research Center, <\/em>Bayonne, France.<\/p>\n<p style=\"text-align: justify;\"><strong>2024:<\/strong> Training Seminar: <em data-start=\"18\" data-end=\"64\">Analysis of Linguistic Data. Where to Start from? <\/em>Association of Young Linguists, AJL.<\/p>\n<p style=\"text-align: justify;\"><strong>2024: <\/strong>Academic debate &amp; discussion around English Medium Higher Education, University of the Basque Country (UPV\/EHU).<\/p>\n<p style=\"text-align: justify;\"><strong>2023:<\/strong> Summer school &#8220;Training in Experimental Methods (STEM): Eye-tracking and Advanced eye-tracking&#8221;, University of Lisbon.<\/p>\n<p style=\"text-align: justify;\"><strong>2023:<\/strong> Attendance to AMLaP 2023 at the <em>BCBL<\/em>, San Sebasti\u00e1n, Basque Country.<\/p>\n<p style=\"text-align: justify;\"><strong>2022: <\/strong>Participation at the 9<sup>th<\/sup> Linguistik Meetup Berlin-Brandenburg. University of Potsdam, Germany.<\/p>\n<p style=\"text-align: justify;\"><strong>2022: <\/strong>Eye-tracking methods course, University of the Basque Country (UPV\/EHU).<\/p>\n<p style=\"text-align: justify;\"><strong>2022: <\/strong>Participation at The <em>Bilingualism Matters Research Symposium (BMS)<\/em>. <em>School of philosophy, psychology &amp; Language Sciences<\/em>, The University of Edinburgh.<\/p>\n<p style=\"text-align: justify;\"><strong>2021: <\/strong>Attendance to the 34<sup>th<\/sup> Annual CUNY conference on Sentence Processing. University of Pennsylvania, EE.UU.<\/p>\n<p style=\"text-align: justify;\"><strong>2020:<\/strong>\u00a0 Participation at the Bilingualism Matters Network Online General Meeting. <em>School of Philosophy, Psychology &amp; Language Sciences<\/em>, The University of Edinbourgh.<\/p>\n<p style=\"text-align: justify;\"><strong>2020: <\/strong>Quantitative methods for behavioral research course, University of the Basque Country (UPV\/EHU).<\/p>\n<p style=\"text-align: justify;\"><strong>2020: <\/strong>Participation in the Cross-Language Interplay in a Bilingual Mind Online Symposium. <em>Institute for Cognitive Neuroscience<\/em>, Higher School of Economics, Moscow, Russia.<\/p>\n<p style=\"text-align: justify;\"><strong>2019:<\/strong> 6<sup>th<\/sup> Barcelona Summer School on Bilingualism and Multilingualism, Pompeu Fabra University, Barcelone (Spain).<\/p>\n<p style=\"text-align: justify;\"><strong>2919:<\/strong> Introduction to R with R commander, University of the Basque Country (UPV\/EHU).<\/p>\n<p style=\"text-align: left;\"><strong>PRE-DOCTORAL RESEARCH STAYS<br \/>\n<\/strong><\/p>\n<p style=\"text-align: justify;\"><strong>Sept.2024-Oct.2024: <\/strong>Universitat Oberta de Catalunya (UOC), Health Sciences Department, Barcelone, Spain.<\/p>\n<p style=\"text-align: justify;\"><strong>Oct. 2022 &#8211; Dec. 2022: <\/strong>Institut f\u00fcr Romanische Sprachen und Literaturen: Romance Lab, Goethe University, Frankfurt, Germany.<\/p>\n<p style=\"text-align: justify;\"><strong>Sept. 2022 &#8211; Oct. 2022<\/strong>: Potsdam Research Institute for Multilingualism, University of Potsdam, Berlin, Germany.<\/p>\n<p style=\"text-align: left;\"><strong>AWARDS AND SCHOLARSHIPS<\/strong><\/p>\n<p><strong>2025:<\/strong> Recipient of the AJL Conference Travel Grant for the 39th AJL Conference (\u20ac150).<\/p>\n<p style=\"text-align: justify;\"><strong>2025: <\/strong>Selected on a competitive basis for the participation in the 8th edition of the Summer School of the Institute for Language, Communication and the Brain (ILCB), at the Centre National de Rencontres Math\u00e9matiques (CNRS), Aix-Marseille Universit\u00e9 (amU). Marseille (France).<\/p>\n<p style=\"text-align: justify;\"><strong>2023: <\/strong>Best Talk in the Arts and Humanities area award at the International Multidisciplinary Symposium for PhD Students (CIMED). San Crist\u00f3bal de La Laguna, Tenerife, Spain (\u20ac120).<\/p>\n<p style=\"text-align: justify;\"><strong>2022:\u00a0<\/strong>Academic Excellence Scholarship for Master Studies at the University of C\u00f3rdoba (UCO), Spain: Awarded a 99% tuition waiver for outstanding master\u2019s performance. Regional Government of Andalusia, Spain (\u20ac889).<\/p>\n<p style=\"text-align: justify;\"><strong>2019-2025:<\/strong> Four-year full-time Ph.D. fellowship (FPI;PRE2019-089691), (\u20ac108.959.250). Ministry of Science, Innovation and Universities (Spain).<\/p>\n<ul>\n<li style=\"text-align: justify;\">Includes additional independent funding for international and\/or national research stays (\u20ac6250).<\/li>\n<\/ul>\n<p style=\"text-align: justify;\"><strong>2017-2018: <\/strong>Teaching assistant fellowship (Tours, France), Ministry of Science, Innovation and Universities (Spain).<\/p>\n<p style=\"text-align: justify;\"><strong>2016-2017: <\/strong>Mobility Program <em>Single Call<\/em> (Asia-Oceania, Ibero-America, and North America) from the University of M\u00e1laga grant. Destination: University of Calgary, Canada (granted; declined).<\/p>\n<p style=\"text-align: justify;\"><strong>2014-2015:<\/strong> Erasmus+ grant (Brussels, Belgium). European Union.<\/p>\n<p style=\"text-align: left;\"><strong>MEDIA COVERAGE<br \/>\n<\/strong><\/p>\n<p style=\"text-align: justify;\"><strong>Cano-S\u00e1nchez. V.<\/strong> (2025). Article published at the local newspaper <em>Diario Informaci\u00f3n<\/em> (Alicante, Spain): The<em> myth<\/em> of growing older. [Available <a href=\"https:\/\/www.informacion.es\/alicante\/2025\/11\/14\/alicantina-desmonta-mito-hacerse-mayor-123729209.html\">here<\/a> in Spanish].<\/p>\n<p style=\"text-align: justify;\"><strong>Cano-S\u00e1nchez, V.<\/strong> (2025). Article published at the local newspaper <em>La Verdad<\/em> (Murcia, Spain): &#8220;The memory of Crist\u00f3bal so-known as &#8220;Ca\u00edllo&#8221; inspires his granddaugther&#8217;s dissertation&#8221;. [Available <a href=\"https:\/\/www.laverdad.es\/murcia\/otros-municipios\/memoria-bullense-cristobal-caillo-inspira-tesis-nieta-20251013012840-nt_amp.html\">here<\/a> in Spanish].<\/p>\n<p style=\"text-align: justify;\"><strong>Cano-S\u00e1nchez, V.<\/strong> (2025). Article published at <em>Archiletras: Journal of Language<\/em>. Bi-monthly scientific magazine [Available <a href=\"https:\/\/tienda.archiletras.com\/producto\/archiletras-numero-29\/\">here<\/a> in Spanish].<\/p>\n<p style=\"text-align: justify;\"><strong>Cano-S\u00e1nchez, V.<\/strong> (2025). Radio interview at the local radio esRADIO Valencia (Valencia, Spain). &#8220;El procesamiento del lenguaje&#8221; [Available <a href=\"https:\/\/open.spotify.com\/episode\/1s3tDFXyzHBj0mwICiYZRw?si=K73izVyqSzqp3pva8ghelw&amp;nd=1&amp;dlsi=ae508812c3f54e4e\">here<\/a> in Spanish].<\/p>\n<p style=\"text-align: justify;\"><strong>Cano-S\u00e1nchez, V.<\/strong> (2025). Opinion article at the local newspeaper <em>Alicante plaza <\/em>(Alicante, Spain). &#8220;El idioma secreto del cerebro adulto: \u00bfanticipamos el lenguaje en la vejez? [Available <a href=\"https:\/\/alicanteplaza.es\/alicanteplaza\/Vivir\/el-idioma-secreto-del-cerebro-adulto-anticipamos-el-lenguaje-en-la-vejez\">here<\/a> in Spanish].<\/p>\n<p style=\"text-align: justify;\"><strong>Cano-S\u00e1nchez, V.<\/strong> (2025). Radio interview at EITB RADIO EUSKADI (Basque Country),\u00a0 &#8220;<em>La mec\u00e1nica del caracol: Lenguaje y envejecimiento<\/em>&#8221; [Available <a href=\"https:\/\/www.eitb.eus\/es\/nahieran\/radio\/radio-euskadi\/la-mecanica-del-caracol\/detalle\/10024059\/\">here<\/a> in Spanish. Min: 24.16 onwards].<\/p>\n<p style=\"text-align: justify;\"><strong>Cano-S\u00e1nchez, V.<\/strong> (2025). Radio interview at ONDA CERO Bizkaia (Basque Country) &#8220;<em>M\u00e1s de uno<\/em>&#8221; [Available <a href=\"https:\/\/www.ondacero.es\/emisoras\/pais-vasco\/bilbao\/audios-podcast\/mas-de-uno-bizkaia\/m%C3%A1s-de-uno-bizkaia--08072025_20250708686d06512a539d013f67b1d5.html\">here<\/a> in Spanish. Min: 11:54-18:08].<\/p>\n<p style=\"text-align: justify;\"><strong>Cano-S\u00e1nchez, V.<\/strong> (2024). Cover page of the article \u201cHow does our brain age?\u201d of the local magazine <a href=\"http:\/\/www.ehu.eus\/HEB\/wp-content\/uploads\/2024\/11\/senior-class-5.pdf\" target=\"_blank\" rel=\"noopener\">senior class 5<\/a>, Spring edition (Provincial Council of \u00c0lava, Vitoria-Gasteiz, Basque Country).<\/p>\n<p style=\"text-align: justify;\"><strong>Cano-S\u00e1nchez, V.<\/strong>\u00a0(2023). Radio interview at ONDA CERO Vitoria, \u201c<em>La Br\u00fajula de Euskadi\u201d<\/em> (Vitoria-Gasteiz, Basque Country) [Available <a href=\"https:\/\/www.ondacero.es\/emisoras\/pais-vasco\/audios-podcast\/la-brujula\/brujula-euskadi-13122023_202312136579fc7a29f3180001750a67.html?fbclid=IwY2xjawIZX4hleHRuA2FlbQIxMQABHQzETQR6sOMi4ZZt_A6_G4HCNJ-iFeHoao-nLvztvyi7XTeOGHv5JU-QLw_aem_bq-9SUGzAfqhM-_WT-P1VQ\">here\u00a0<\/a>in Spanish. Min: 4 onwards].<\/p>\n<p style=\"text-align: left;\"><strong>PARTICIPATION IN RESEARCH PROJECTS FUNDED THROUGH COMPETITIVE CALLS<\/strong><\/p>\n<p><strong>The Bilingual Mind<\/strong><\/p>\n<p><em>IT1439-22 (2022-2025)<\/em><br \/>\nFunding agency: Department of Education, Universities and Science, Basque Government<em>.<\/em><br \/>\nPrincipal investigator:<em>\u00a0Itziar Laka Mugarza.<\/em><br \/>\nMembers: Miren Azkarate,\u00a0 Beatriz Fern\u00e1ndez, Mikel Santesteban, Kepa Erdocia, Adam Zawiszewski, Irene De la Cruz Pav\u00eda, Ane Berro, Ane Odria,\u00a0 Miren Arantzeta, \u00a0Itziar San Mart\u00edn, Svetlana Zimnukhova, Beatriz G\u00f3mez, Marta de Pedis, No\u00e8lia Sanahuja, <strong>Victoria Cano<\/strong>, Marta S\u00e1nchez, Patricia Fuente.<br \/>\nBudget:<em>\u00a0173.000 \u20ac<\/em><\/p>\n<p><strong>Cross-linguistic influence in language learning, processing and aging (CROSSLANGUAGING)<\/strong><\/p>\n<p>PID2021-124056NB-I00 (2022-2024)<br \/>\nFunding agency:<em>\u00a0Ministry of Science, <\/em><em>Innovation and Universities (Spain).<\/em><em><br \/>\n<\/em>Principal investigators:<em>\u00a0Mikel Santesteban &amp; Kepa Erdozia.<\/em><br \/>\nMembers: <strong>Victoria Cano<\/strong>, No\u00e8lia Sanahuja, Eduardo Navarrete and Anna Hatzidaki<br \/>\nBudget:<em>\u00a051.424 \u20ac<\/em><\/p>\n<p><strong>Cross-Ling: Cross-linguistic activation effects in bilingual language processing and learning<\/strong><\/p>\n<p>PGC2018-097970-B-100 (2019-2021)<br \/>\nEntidad Financiadora: Ministerio de Ciencia, Innovaci\u00f3n y Universidades.<br \/>\nInvestigadora Principal: Kepa Erdozia &amp; Mikel Santesteban.<br \/>\nMembers: \u00a0Svetlana Zimnukhova, Anna Hatzidaki, Miren Arantzeta, No\u00e8lia Sanahuja<strong>,<\/strong> <strong>Victoria Cano<\/strong>.<br \/>\nBudget: 60.500 \u20ac<\/p>\n<p><strong>The Bilingual Mind<\/strong><\/p>\n<p><em>IT1169-19 (2019-2021)<\/em><br \/>\nFunding agency: Department of Education, Universities and Science, Basque Government<em>.<\/em><br \/>\nPrincipal investigator:\u00a0<em>Itziar Laka Mugarza.<\/em><br \/>\nMembers: Miren Azkarate,\u00a0 Xabier Alberdi, Beatriz Fern\u00e1ndez, Maitena Echebarria, Mikel Santesteban, Kepa Erdocia, Adam Zawiszewski, Miren Arantzeta, Ane Berro, Ane Odria,\u00a0 Luis Pastor,\u00a0 David Lindemann, Sergio L\u00f3pez-Sancio, Gillen Mart\u00ednez de la Hidalga, Svetlana Zimnukhova, Marta de Pedis, No\u00e8lia Sanahuja,<strong>Victoria Cano<\/strong>.<br \/>\nBudget:\u00a0<em>202.300 \u20ac<\/em><\/p>\n<p><strong>LANGUAGES:<\/strong><\/p>\n<p style=\"text-align: justify;\"><strong>Spanish\/Valencian<\/strong>: native speaker; <strong>English:<\/strong> C1 (CAE, Cambridge); <strong>French<\/strong>: C1 (DALF, Alliance Fran\u00e7aise); <strong>Italian<\/strong>: C1 (CELI 4, Universit\u00e0 di Perugia); <strong>German: <\/strong>basic notions (A2).<\/p>\n<p>&nbsp;<\/p>","protected":false},"excerpt":{"rendered":"<p>Ph.D. Candidate Micaela Portilla Ikergunea Research Center, Office 3.2 Dept. of Linguistics and Basque Studies University of the Basque Country (UPV\/EHU) 1 Justo V\u00e9lez de Elorriaga, Street 01006 Vitoria-Gasteiz \u00a0victoria.cano@ehu.eus \/ vcs.canosanchez@gmail.com Telephone: +34 945 014 452 Google scholar citation &hellip; <a href=\"https:\/\/www.ehu.eus\/HEB\/victoria_cano\/\">Continue reading <span class=\"meta-nav\">&rarr;<\/span><\/a><\/p>\n","protected":false},"author":2,"featured_media":0,"parent":0,"menu_order":0,"comment_status":"closed","ping_status":"closed","template":"","meta":{"footnotes":""},"_links":{"self":[{"href":"https:\/\/www.ehu.eus\/HEB\/wp-json\/wp\/v2\/pages\/15079"}],"collection":[{"href":"https:\/\/www.ehu.eus\/HEB\/wp-json\/wp\/v2\/pages"}],"about":[{"href":"https:\/\/www.ehu.eus\/HEB\/wp-json\/wp\/v2\/types\/page"}],"author":[{"embeddable":true,"href":"https:\/\/www.ehu.eus\/HEB\/wp-json\/wp\/v2\/users\/2"}],"replies":[{"embeddable":true,"href":"https:\/\/www.ehu.eus\/HEB\/wp-json\/wp\/v2\/comments?post=15079"}],"version-history":[{"count":320,"href":"https:\/\/www.ehu.eus\/HEB\/wp-json\/wp\/v2\/pages\/15079\/revisions"}],"predecessor-version":[{"id":17651,"href":"https:\/\/www.ehu.eus\/HEB\/wp-json\/wp\/v2\/pages\/15079\/revisions\/17651"}],"wp:attachment":[{"href":"https:\/\/www.ehu.eus\/HEB\/wp-json\/wp\/v2\/media?parent=15079"}],"curies":[{"name":"wp","href":"https:\/\/api.w.org\/{rel}","templated":true}]}}