{"id":18298,"date":"2015-11-16T09:48:33","date_gmt":"2015-11-16T09:48:33","guid":{"rendered":"https:\/\/www.ehu.eus\/HEB\/sergio-lopez-sancio\/"},"modified":"2015-11-16T09:48:33","modified_gmt":"2015-11-16T09:48:33","slug":"sergio-lopez-sancio","status":"publish","type":"page","link":"https:\/\/www.ehu.eus\/HEB\/sergio-lopez-sancio\/?lang=es","title":{"rendered":"SERGIO L\u00d3PEZ-SANCIO"},"content":{"rendered":"<p style=\"text-align: center;\"><a href=\"http:\/\/www.ehu.eus\/HEB\/wp-content\/uploads\/2015\/11\/Foto-grande.jpg\"><img loading=\"lazy\" decoding=\"async\" class=\"alignnone wp-image-11569 size-medium\" src=\"http:\/\/www.ehu.eus\/HEB\/wp-content\/uploads\/2015\/11\/Foto-grande-300x231.jpg\" alt=\"Foto grande\" width=\"300\" height=\"231\" srcset=\"https:\/\/www.ehu.eus\/HEB\/wp-content\/uploads\/2015\/11\/Foto-grande-300x231.jpg 300w, https:\/\/www.ehu.eus\/HEB\/wp-content\/uploads\/2015\/11\/Foto-grande-1024x788.jpg 1024w, https:\/\/www.ehu.eus\/HEB\/wp-content\/uploads\/2015\/11\/Foto-grande.jpg 1520w\" sizes=\"auto, (max-width: 300px) 100vw, 300px\" \/><\/a><\/p>\n<p style=\"text-align: center;\"><a href=\"mailto:sergiolopezsancio@gmail.com\">sergiolopezsancio@gmail.com<\/a><\/p>\n<p style=\"text-align: center;\"><a href=\"https:\/\/serlosan.github.io\">P\u00e1gina web personal<\/a><\/p>\n<p style=\"text-align: justify;\">Soy un psicoling\u00fcista con un gran inter\u00e9s en el lenguaje humano y la ciencia de datos. Tambi\u00e9n estoy interesando en el Procesamiento del Lenguaje Natural (PLN); es decir, la intersecci\u00f3n entre el lenguaje humano, las ciencias de la inform\u00e1tica y la inteligencia artificial. Actualmente trabajo en Amazon, donde utilizo herramientas del PLN para hacer que <a href=\"https:\/\/en.wikipedia.org\/wiki\/Amazon_Alexa\">Alexa<\/a> entienda espa\u00f1ol de una forma m\u00e1s eficiente y natural.<\/p>\n<p style=\"text-align: justify;\">Soy doctor por la Universidad del Pa\u00eds Vasco (UPV\/EHU) con la tesis\u00a0<em>Understanding Dependencies in Real Time: A Crosslinguistic Investigation of Antecedent Complexity and Dependency Length<\/em> (disponible <a href=\"http:\/\/www.ehu.eus\/HEB\/wp-content\/uploads\/2020\/11\/SLS_PhDdissertation_Final.pdf\">aqu\u00ed<\/a>) (sobresaliente <em>cum laude<\/em>), en la que combin\u00e9 m\u00e9todos electrofisiol\u00f3gicos (EEG) y conductuales para investigar c\u00f3mo procesan los humanos las dependencias entre palabras o sintagmas no-adyacentes. Asimismo, tengo un M\u00e1ster en Ling\u00fc\u00edstica de la Universidad del Pa\u00eds Vasco (UPV\/EHU) y una Licenciatura en Filolog\u00eda Inglesa de la Universidad de Oviedo (Premio Nacional de Fin de Carrera de Educaci\u00f3n Universitaria), donde tambi\u00e9n defend\u00ed la tesina de licenciatura\u00a0<i>The Subjunctive Mood in English and Spanish: A Contrastive Study<\/i>\u00a0(Premio\u00a0Extraordinario de Licenciatura).<\/p>\n<p style=\"text-align: center;\">__________________________________________________________________________________<\/p>\n<p style=\"text-align: center;\"><strong>PRESENTACIONES EN CONGRESOS<\/strong><\/p>\n<p><strong>L\u00f3pez-Sancio<\/strong>, S. &amp; Laka, I. (2020). Efectos de localidad en dependencias locales y no locales. Comunicaci\u00f3n oral en\u00a0<em>XLIX Simposio de la Sociedad Espa\u00f1ola de Ling\u00fc\u00edstica<\/em>, Tarragona, 21\u201324 enero, 2020.<\/p>\n<p><strong>L\u00f3pez-Sancio<\/strong>, S., Ros, I. &amp; Laka, I. (2019). Antilocality effects in main clauses: Evidence from Basque. Comunicaci\u00f3n oral en\u00a0<em>Crosslinguistic Perspectives on Processing and Learning (X- PPL 2019)<\/em>, Zurich (Suiza), 4\u20135 noviembre, 2019.<\/p>\n<p><strong>L\u00f3pez-Sancio<\/strong>, S., Ros, I. &amp; Laka, I. (2019). Antilocality effects in main clauses: Evidence from Basque. P\u00f3ster en\u00a0<em>AMLaP 2019<\/em>, Mosc\u00fa (Rusia), 6\u20138 septiembre, 2019.<\/p>\n<p><strong>L\u00f3pez-Sancio<\/strong>, S. &amp; Laka, I. (2019). Locality in unbounded and local dependencies in Spanish. P\u00f3ster en\u00a0<em>AMLaP 2019<\/em>, Mosc\u00fa (Rusia), 6\u20138 septiembre, 2019.<\/p>\n<p><strong>L\u00f3pez-Sancio<\/strong>, S. &amp; Laka, I. (2019). Dependency type modulates island effects: Evidence from Spanish. Comunicaci\u00f3n oral en el\u00a0<em>93rd Annual Meeting of the Linguistic Society of America<\/em>, Nueva York (EEUU), 3\u20136 enero 2019.<\/p>\n<p><strong>L\u00f3pez-Sancio<\/strong>, S. &amp; E. Lau. (2018). ERP indices of encoding effects in <em>wh<\/em>-dependency processing. P\u00f3ster en\u00a0<em>AMLaP 2018<\/em>, Berl\u00edn (Alemania), 6-8 septiembre 2018.\u00a0[<a href=\"https:\/\/github.com\/serlosan\/Puxa\/raw\/master\/AMLaP%202018_poster_V3.pdf\">pdf<\/a>]<\/p>\n<p><strong>L\u00f3pez-Sancio<\/strong>, S. &amp; I. Laka. (2017). Subject island variation across dependency types in Spanish and Italian. P\u00f3ster en\u00a0<em>AMLaP 2017<\/em>, Lancaster (Reino Unido), 5-7 septiembre 2017.<\/p>\n<p><strong>L\u00f3pez-Sancio<\/strong>, S. (2017). An experimental evaluation of subject islands in Spanish and Italian. Comunicaci\u00f3n oral en el\u00a0<em>Experimental Psycholinguistics Conference<\/em>, Menorca (Espa\u00f1a), 28 junio 2017.<\/p>\n<p><strong>L\u00f3pez-Sancio<\/strong>, S. (2016). Testing syntactic islands in Spanish. Comunicaci\u00f3n oral en el\u00a0<em>XII Congreso Internacional de Ling\u00fc\u00edstica General (CILG2016)<\/em>, Alcal\u00e1 de Henares (Espa\u00f1a), 23 mayo 2016.<\/p>\n<p><strong>L\u00f3pez-Sancio, <\/strong>S. (2015) Formal acceptability judgments: The case of island effects in Spanish. Comunicaci\u00f3n oral en el\u00a0<em>12th Workshop on Syntax, Semantics and Phonology (WOSSP 2015)<\/em>, Vitoria-Gasteiz (Espa\u00f1a), 26 junio 2015.<\/p>\n<p style=\"text-align: center;\">______________________________________________________________________<\/p>\n<p style=\"text-align: center;\"><strong>PARTICIPACI\u00d3N EN PROYECTOS DE INVESTIGACI\u00d3N I+D<\/strong><\/p>\n<p><strong>OVO: Originando la Variaci\u00f3n a partir del Orden<br \/>\n<\/strong><em>FFI2015-64183-P (2016 \u2013 2018)<\/em><br \/>\nEntidad financiadora:\u00a0Ministerio de Econom\u00eda y Competitividad (MINECO)<br \/>\nInvestigadora Principal: Itziar Laka<br \/>\nDotaci\u00f3n: 140.100\u20ac<\/p>\n<p style=\"text-align: left;\"><strong>La Mente Biling\u00fce<\/strong><br \/>\n<em>IT665-13 (2013-2018)<\/em><br \/>\nGrupo Consolidado de Excelencia, calificaci\u00f3n A.<br \/>\nEntidad financiadora:\u00a0Departamento de Educaci\u00f3n, Pol\u00edtica Ling\u00fc\u00edstica y Cultura, Gobierno Vasco<br \/>\nInvestigadora Principal: Itziar Laka<br \/>\nDotaci\u00f3n: 284.398\u20ac<\/p>\n<p style=\"text-align: left;\"><strong>AThEME\u2014 Advancing the European Multilingual Experience<\/strong><br \/>\n<em>EC FP7\/SSH-2013-1 AThEME (613465) (Mar 2014 \u2013 Mar 2019)<\/em><br \/>\nEntidad financiadora: European Commission.<br \/>\nCoordinadora del Proyecto: Lisa L. Cheng (U. Leiden).<br \/>\nDotaci\u00f3n: 4.999.990\u20ac<\/p>\n","protected":false},"excerpt":{"rendered":"<p>sergiolopezsancio@gmail.com P\u00e1gina web personal Soy un psicoling\u00fcista con un gran inter\u00e9s en el lenguaje humano y la ciencia de datos. Tambi\u00e9n estoy interesando en el Procesamiento del Lenguaje Natural (PLN); &#8230;<\/p>\n","protected":false},"author":2,"featured_media":0,"parent":0,"menu_order":0,"comment_status":"closed","ping_status":"closed","template":"","meta":{"footnotes":""},"class_list":["post-18298","page","type-page","status-publish","hentry"],"_links":{"self":[{"href":"https:\/\/www.ehu.eus\/HEB\/wp-json\/wp\/v2\/pages\/18298","targetHints":{"allow":["GET"]}}],"collection":[{"href":"https:\/\/www.ehu.eus\/HEB\/wp-json\/wp\/v2\/pages"}],"about":[{"href":"https:\/\/www.ehu.eus\/HEB\/wp-json\/wp\/v2\/types\/page"}],"author":[{"embeddable":true,"href":"https:\/\/www.ehu.eus\/HEB\/wp-json\/wp\/v2\/users\/2"}],"replies":[{"embeddable":true,"href":"https:\/\/www.ehu.eus\/HEB\/wp-json\/wp\/v2\/comments?post=18298"}],"version-history":[{"count":0,"href":"https:\/\/www.ehu.eus\/HEB\/wp-json\/wp\/v2\/pages\/18298\/revisions"}],"wp:attachment":[{"href":"https:\/\/www.ehu.eus\/HEB\/wp-json\/wp\/v2\/media?parent=18298"}],"curies":[{"name":"wp","href":"https:\/\/api.w.org\/{rel}","templated":true}]}}