{"id":18328,"date":"2017-11-09T14:12:07","date_gmt":"2017-11-09T14:12:07","guid":{"rendered":"https:\/\/www.ehu.eus\/HEB\/itziar-orbegozo\/"},"modified":"2017-11-09T14:12:07","modified_gmt":"2017-11-09T14:12:07","slug":"itziar-orbegozo","status":"publish","type":"page","link":"https:\/\/www.ehu.eus\/HEB\/itziar-orbegozo\/?lang=es","title":{"rendered":"ITZIAR ORBEGOZO"},"content":{"rendered":"<p><img loading=\"lazy\" decoding=\"async\" class=\"aligncenter \" src=\"http:\/\/www.ehu.eus\/HEB\/wp-content\/uploads\/2017\/Itziar_Orbegozo.jpg\" width=\"315\" height=\"281\" \/><\/p>\n<p style=\"text-align: center;\">Universidad del Pa\u00eds Vasco<br \/>\nDept. de Ling\u00fc\u00edstica y Estudios Vascos<br \/>\nCentro de Investigaci\u00f3n Micaela Portilla Ikergunea<br \/>\nJusto V\u00e9lez de Elorriaga, 1<br \/>\n01006 Vitoria-Gasteiz<br \/>\nemail: <a href=\"mailto:itziar.orbegozo@ehu.eus\">itziar.orbegozo@ehu.eus<\/a><\/p>\n<p>&nbsp;<\/p>\n<p style=\"text-align: justify;\">Estudi\u00e9 el Grado en Estudios Vascos (2012-2016) en la Universidad del Pa\u00eds Vasco (UPV\/EHU) y el M\u00e1ster de Ling\u00fc\u00edstica (2016-2017) en la misma universidad. En mi Trabajo de Fin de M\u00e1ster analic\u00e9 la sintaxis de las oraciones imperativas del euskera y hoy en d\u00eda investigo la interfaz sint\u00e1ctico-sem\u00e1ntica en las oraciones imperativas y hortativas.<\/p>\n<p style=\"text-align: justify;\">Actualmente soy investigadora pre-doctoral de Ling\u00fc\u00edstica en la UPV\/EHU bajo la supervisi\u00f3n de la profesora Beatriz Fern\u00e1ndez (UPV\/EHU) y el profesor Josep Quer (Univesidad Pompeu Fabra) y miembro del grupo de investigaci\u00f3n consolidado La Mente Biling\u00fce y del grupo Basque &amp; Beyond.<\/p>\n<p><strong>L\u00edneas de investigaci\u00f3n<\/strong><\/p>\n<p>Teoria Sint\u00e1ctica; Sintaxis Comparativa; Euskera; Micro-variaci\u00f3n; Sem\u00e1ntica; Imperativos.<\/p>\n<p><strong>Publicaciones<\/strong><\/p>\n<p style=\"text-align: justify;\">(2020) Berro, A.; Orbegozo, I. &amp; Fern\u00e1ndez, B. <a href=\"http:\/\/basdisyn.net\/pdf\/5_Berro_Orbegozo_Fernandez.pdf\" target=\"_blank\" rel=\"noopener noreferrer\">Gramatikak dialektologiatik ikasi duenaz, dialektologiak gramatikatik ikas dezakeenaz.<\/a> In I\u00f1aki Camino, Xabier Artiagoitia, Irantzun Epelde eta Koldo Ulibarri (ed.) <em>Eibartik Zuberoara euskalkietan barrena. Koldo Zuazori gorazarre<\/em>. Bilbo: UPV\/EHU. 115-133.<\/p>\n<p style=\"text-align: justify;\">(2019) Fern\u00e1ndez, B.; Berro, A.; Urrestarazu, I. &amp; Orbegozo, I. Mapping variation in Basque: The BiV database. Linguistic Typology, Volume 23, Issue 2. Berlin: De Gruyter. Pages:Mouton. Pages: 347-374. DOI:\u00a0https:\/\/doi.org\/10.1515\/lingty-2019-0018.<\/p>\n<p style=\"text-align: justify;\">(2018) Orbegozo, Itziar, I\u00f1igo Urrestarazu, Ane Berro, Josu Landa\u00a0&amp; Beatriz Fern\u00e1ndez. <a href=\"http:\/\/basdisyn.net\/Bas&amp;Be\/biv\/?\" target=\"_blank\" rel=\"noopener noreferrer\"><em>Euskara Bariazioan. Basque in Variation (BiV)<\/em><\/a>. UPV\/EHU.<\/p>\n<p style=\"text-align: justify;\">(2018) Orbegozo, Itziar, I\u00f1igo Urrestarazu, Ane Berro &amp; Beatriz Fern\u00e1ndez. \u201c<a href=\"http:\/\/cilx2018.uvigo.gal\/actas\/pdf\/646702.pdf\" target=\"_blank\" rel=\"noopener noreferrer\">Basque in Variation (BiV): una base de datos online sobre la variaci\u00f3n morfosint\u00e1ctica del euskera<\/a>\u201c.\u00a0 In\u00a0<em>A<\/em><i>ctas do XIII Congreso Internacional de Ling\u00fc\u00edstica Xeral<\/i>. Vigo: Univ. de Vigo.\u00a0677-684.<\/p>\n<p style=\"text-align: justify;\">(2018) Orbegozo, Itziar. &#8220;<a href=\"http:\/\/cilx2018.uvigo.gal\/actas\/pdf\/652782.pdf\" target=\"_blank\" rel=\"noopener noreferrer\">An\u00e1lisis formal de las oraciones imperativas y hortativas del euskera<\/a>&#8220;.\u00a0 In\u00a0<em>A<\/em><i>ctas do XIII Congreso Internacional de Ling\u00fc\u00edstica Xeral<\/i>. Vigo: Univ. de Vigo.\u00a0669-676.<\/p>\n<p>(2017) Orbegozo, Itziar. \u201c<em>Etorri\u201d diodanean, zergatik zatozen zu: aginte perpausen azterketa formal baterantz<\/em>. Master Tesia, UPV\/EHU.<\/p>\n<p>(2017) Orbegozo, Itziar. <a href=\"http:\/\/basdisyn.net\/pdf\/separata%204.pdf\" target=\"_blank\" rel=\"noopener noreferrer\">\u201cZatoz! Agindua da! Euskal aginteraren azterketa formal baterako lehen urratsak\u201d<\/a>. Fontes Linguae Vasconum, 123. 87-114.<\/p>\n<p>(2017) Berro, Ane, Beatriz Fern\u00e1ndez &amp; Itziar Orbegozo. <a href=\"http:\/\/basdisyn.net\/pdf\/separata%201.pdf\" target=\"_blank\" rel=\"noopener noreferrer\">\u201cEuskara Bariazioan \/ Basque in Variation (BiV): lehen urratsak\u201d<\/a>. Fontes Linguae Vasconum, 123. 7-28.<br \/>\n<strong>Conferencias<\/strong><\/p>\n<p>(2018) \u201cAn\u00e1lisis formal de las oraciones imperativas y hortativas del euskera\u201d. Orbegozo, Itziar.\u00a0<em>XIII Congreso Internacional de Ling\u00fc\u00edstica Xeral (CILX2018)<\/em>. 2018\/06\/13-15, Vigo (Galiza).<\/p>\n<p>(2018) \u201cBasque in Variation (BiV): una base de datos online sobre la variaci\u00f3n morfosint\u00e1ctica del euskera\u201d. Orbegozo, Itziar, I\u00f1igo Urrestarazu, Ane Berro &amp; Beatriz Fern\u00e1ndez.\u00a0<em>XIII Congreso Internacional de Ling\u00fc\u00edstica Xeral (CILX2018)<\/em>. 2018\/06\/13-15, Vigo (Galiza).<\/p>\n<p>(2017) \u201cBasque in Variation \/ Euskara Bariazioan (BiV): An Online Database on Basque Morphosyntactic Variation\u201d. Orbegozo, Itziar, Ane Berro &amp; Beatriz Fern\u00e1ndez. <em>50th Annual Meeting of the Societas Linguistica Europaea<\/em>. 2017\/09\/10-13, Zurich (Switzerland).<\/p>\n<p>(2017) \u201cEuskara Bariazioan \/ Basque in Variation (BiV): Euskal aldakortasun morfosintaktikoa erakusten duen sareko datu basea\u201d. Orbegozo, Itziar, Ane Berro &amp; Beatriz Fern\u00e1ndez. <em>EUDIA-6 WORKSHOP Linguistic variation in the Basque language and Education<\/em>. 2017\/06\/09, Leioa.<\/p>\n<p><strong>Participaci\u00f3n en proyectos financiados<\/strong><\/p>\n<p>Towards a Theory of Syntactic (micro)Variation: Basque and Beyond (FFI2014-51878-P) (Investigadora principal: \u00a0Beatriz Fern\u00e1ndez)<\/p>\n<p>The Bilingual Mind (IT665-13). Grupo de Investigaci\u00f3n Consolidado de Excelencia. (Investigadora principal: Itziar Laka)<\/p>\n<p><strong>Experiencia docente<\/strong><\/p>\n<p>2017 \u2013 2018. Profesora asociada de euskera en la Universidad de Salamanca. Salamanca, Espa\u00f1a.<\/p>\n<p><strong>Otros<\/strong><\/p>\n<p>Septiembre 2016 \u2013 Abril 2017: Investigadora contratada (UPV\/EHU) (PIC 168-16, FFI2014-51878-P)<\/p>\n","protected":false},"excerpt":{"rendered":"<p>Universidad del Pa\u00eds Vasco Dept. de Ling\u00fc\u00edstica y Estudios Vascos Centro de Investigaci\u00f3n Micaela Portilla Ikergunea Justo V\u00e9lez de Elorriaga, 1 01006 Vitoria-Gasteiz email: itziar.orbegozo@ehu.eus &nbsp; Estudi\u00e9 el Grado en &#8230;<\/p>\n","protected":false},"author":2,"featured_media":0,"parent":0,"menu_order":0,"comment_status":"closed","ping_status":"closed","template":"","meta":{"footnotes":""},"class_list":["post-18328","page","type-page","status-publish","hentry"],"_links":{"self":[{"href":"https:\/\/www.ehu.eus\/HEB\/wp-json\/wp\/v2\/pages\/18328","targetHints":{"allow":["GET"]}}],"collection":[{"href":"https:\/\/www.ehu.eus\/HEB\/wp-json\/wp\/v2\/pages"}],"about":[{"href":"https:\/\/www.ehu.eus\/HEB\/wp-json\/wp\/v2\/types\/page"}],"author":[{"embeddable":true,"href":"https:\/\/www.ehu.eus\/HEB\/wp-json\/wp\/v2\/users\/2"}],"replies":[{"embeddable":true,"href":"https:\/\/www.ehu.eus\/HEB\/wp-json\/wp\/v2\/comments?post=18328"}],"version-history":[{"count":0,"href":"https:\/\/www.ehu.eus\/HEB\/wp-json\/wp\/v2\/pages\/18328\/revisions"}],"wp:attachment":[{"href":"https:\/\/www.ehu.eus\/HEB\/wp-json\/wp\/v2\/media?parent=18328"}],"curies":[{"name":"wp","href":"https:\/\/api.w.org\/{rel}","templated":true}]}}