{"id":18377,"date":"2020-12-17T15:41:16","date_gmt":"2020-12-17T15:41:16","guid":{"rendered":"https:\/\/www.ehu.eus\/HEB\/cecilia-fernandez\/"},"modified":"2020-12-17T15:41:16","modified_gmt":"2020-12-17T15:41:16","slug":"cecilia-fernandez","status":"publish","type":"page","link":"https:\/\/www.ehu.eus\/HEB\/cecilia-fernandez\/?lang=es","title":{"rendered":"CECILIA FERN\u00c1NDEZ"},"content":{"rendered":"<p><a href=\"http:\/\/www.ehu.eus\/HEB\/wp-content\/uploads\/2020\/12\/Cecilia.jpg\"><img loading=\"lazy\" decoding=\"async\" class=\"size-medium wp-image-15198 aligncenter\" src=\"http:\/\/www.ehu.eus\/HEB\/wp-content\/uploads\/2020\/12\/Cecilia-300x294.jpg\" alt=\"\" width=\"300\" height=\"294\" srcset=\"https:\/\/www.ehu.eus\/HEB\/wp-content\/uploads\/2020\/12\/Cecilia-300x294.jpg 300w, https:\/\/www.ehu.eus\/HEB\/wp-content\/uploads\/2020\/12\/Cecilia-768x753.jpg 768w, https:\/\/www.ehu.eus\/HEB\/wp-content\/uploads\/2020\/12\/Cecilia.jpg 926w\" sizes=\"auto, (max-width: 300px) 100vw, 300px\" \/><\/a><\/p>\n<p style=\"text-align: center;\">Centro de Investigaci\u00f3n Micaela Portilla Ikergunea, Oficina 3.2<br \/>\nCalle Justo V\u00e9lez de Elorriaga, 1<br \/>\n01006 Vitoria-Gasteiz<\/p>\n<p style=\"text-align: center;\"><a href=\"mailto:cfernandez084@ikasle.ehu.eus\">cfernandez084@ikasle.ehu.eus<\/a><\/p>\n<p><strong>Formaci\u00f3n<\/strong><\/p>\n<p style=\"text-align: justify;\">Estoy terminando el grado en Estudios Vascos en la UPV\/EHU (2017-hoy). Desde que me aficion\u00e9 a los ejercicios de sintaxis en el instituto, mi pasi\u00f3n por la ling\u00fc\u00edstica no me ha abandonado, y es, justamente, lo que me trajo a este grado. Adem\u00e1s del gusto por las lenguas y sus hablantes, mencionar\u00eda tambi\u00e9n entre mis intereses viajar y la divulgaci\u00f3n cient\u00edfica. Este a\u00f1o, a trav\u00e9s de la beca de colaboraci\u00f3n Ikasiker, y bajo la direcci\u00f3n de Beatriz Fern\u00e1ndez, estoy trabajando con los adverbios en el grupo de investigaci\u00f3n <em>La Mente Biling\u00fce<\/em>.<\/p>\n<p><strong>Idiomas<\/strong>:<\/p>\n<p>euskera (lengua nativa), castellano (lengua nativa), ingl\u00e9s (C2), franc\u00e9s (C2)<\/p>\n<p><strong>Estancias en el extranjero:<\/strong><\/p>\n<p>09\/2019-12\/2019<\/p>\n<p>A trav\u00e9s del programa Erasmus+: Concordia University, Montreal (Canad\u00e1).<\/p>\n<p><strong>L\u00edneas de inter\u00e9s:<\/strong><\/p>\n<p>Teor\u00eda de la sintaxis, tipolog\u00eda, psicoling\u00fc\u00edstica, adverbios, adposiciones, categor\u00edas gram\u00e1ticales, modales<\/p>\n<p><strong>Becas:<\/strong><\/p>\n<ul>\n<li>Beca Erasmus+ KA107 (2019-20)<\/li>\n<\/ul>\n<p>Organismo: Servicio Espa\u00f1ol para la Internacionalizaci\u00f3n de la Educaci\u00f3n (SEPIE)<\/p>\n<ul>\n<li>Beca Ikasiker de colaboraci\u00f3n (2020-21) [IkasC_2020_1_0039]<\/li>\n<\/ul>\n<p>Organismo: Departamento de Educaci\u00f3n, Pol\u00edtica Ling\u00fc\u00edstica y Cultura del Gobierno Vasco<\/p>\n<p>&nbsp;<\/p>\n","protected":false},"excerpt":{"rendered":"<p>Centro de Investigaci\u00f3n Micaela Portilla Ikergunea, Oficina 3.2 Calle Justo V\u00e9lez de Elorriaga, 1 01006 Vitoria-Gasteiz cfernandez084@ikasle.ehu.eus Formaci\u00f3n Estoy terminando el grado en Estudios Vascos en la UPV\/EHU (2017-hoy). Desde &#8230;<\/p>\n","protected":false},"author":2,"featured_media":0,"parent":0,"menu_order":0,"comment_status":"closed","ping_status":"closed","template":"","meta":{"footnotes":""},"class_list":["post-18377","page","type-page","status-publish","hentry"],"_links":{"self":[{"href":"https:\/\/www.ehu.eus\/HEB\/wp-json\/wp\/v2\/pages\/18377","targetHints":{"allow":["GET"]}}],"collection":[{"href":"https:\/\/www.ehu.eus\/HEB\/wp-json\/wp\/v2\/pages"}],"about":[{"href":"https:\/\/www.ehu.eus\/HEB\/wp-json\/wp\/v2\/types\/page"}],"author":[{"embeddable":true,"href":"https:\/\/www.ehu.eus\/HEB\/wp-json\/wp\/v2\/users\/2"}],"replies":[{"embeddable":true,"href":"https:\/\/www.ehu.eus\/HEB\/wp-json\/wp\/v2\/comments?post=18377"}],"version-history":[{"count":0,"href":"https:\/\/www.ehu.eus\/HEB\/wp-json\/wp\/v2\/pages\/18377\/revisions"}],"wp:attachment":[{"href":"https:\/\/www.ehu.eus\/HEB\/wp-json\/wp\/v2\/media?parent=18377"}],"curies":[{"name":"wp","href":"https:\/\/api.w.org\/{rel}","templated":true}]}}