{"id":17771,"date":"2024-04-03T10:34:58","date_gmt":"2024-04-03T10:34:58","guid":{"rendered":"https:\/\/www.ehu.eus\/cdsea\/web\/?page_id=17771"},"modified":"2024-04-04T10:53:48","modified_gmt":"2024-04-04T10:53:48","slug":"aktibitateak-2023","status":"publish","type":"page","link":"https:\/\/www.ehu.eus\/cdsea\/web\/index.php\/aktibitateak-2023\/","title":{"rendered":"Aktibitateak 2023"},"content":{"rendered":"<p>[vc_row][vc_column width=\u00bb1\/4&#8243;][vc_wp_custommenu nav_menu=\u00bb20&#8243;][\/vc_column][vc_column width=\u00bb3\/4&#8243;][vc_custom_heading text=\u00bbAKTIBITATEAK 2023&#8243; font_container=\u00bbtag:h2|text_align:left|color:%2350af36&#8243; google_fonts=\u00bbfont_family:Droid%20Sans%3Aregular%2C700|font_style:400%20regular%3A400%3Anormal\u00bb][vc_column_text]<\/p>\n<table width=\"684\">\n<tbody>\n<tr>\n<td><strong>KATEDRAKO AKTIBITATEAK<br \/>\n<\/strong><\/td>\n<\/tr>\n<\/tbody>\n<\/table>\n<ul>\n<li><strong>08\/09\/23: <\/strong><strong><a href=\"https:\/\/www.ehu.eus\/cdsea\/web\/index.php\/articuo-revista-ecosistemas\/?lang=eu\">Artikulu berri<em>a Ecosistemas <\/em>aldizkarian: \u201c<em>Silvopastoralismo en la ZEC de Gorbeia (Pa\u00eds Vasco): selecci\u00f3n espacial y temporal de h\u00e1bitats forestales<\/em>\u201d<\/a><\/strong><\/li>\n<li><strong>03\/07\/23: <\/strong><strong><a href=\"https:\/\/mailchi.mp\/7526d47dccaa\/berriak-noticias-news-ecosistemas-euskadi-2021-12702376\">Zerbitzu Ekosistemen 2023eko 1en Boletina<\/a><\/strong><\/li>\n<li><strong>02\/05\/23: <\/strong><strong><a href=\"https:\/\/www.ehu.eus\/cdsea\/web\/index.php\/preinscripcion-master-medio-ambiente-desarrollo-sostenible-y-ods\/\">Ingurumen, Iraunkortasuna eta GIHen Masterraren aurrematrikularen epea irekita dago. <\/a><\/strong><\/li>\n<li><strong>14\/04\/23: <\/strong><strong><a href=\"https:\/\/www.ehu.eus\/cdsea\/web\/index.php\/donana-teleberri\/?lang=eu\">Ibone Ametzaga teleberrin (eitb). \u201cDo\u00f1ana lehortzen jarraitzeak ekarriko dituen ondorioei buruz ohartarazi dute adituek\u201d<\/a><\/strong><\/li>\n<li><strong>01\/03\/23: <\/strong><strong><a href=\"https:\/\/www.ehu.eus\/cdsea\/web\/index.php\/argitalpenak\/forum-iraunkortasuna-aldizkaria\/?lang=eu\">\u201cForum de Sostenibilidad\u201d 10 Zenbakia Aldizkaria argitaratua<\/a><\/strong><\/li>\n<li><strong>08\/02\/23: <\/strong><strong><a href=\"https:\/\/www.ehu.eus\/cdsea\/web\/index.php\/cadena-ser-naturaleza-bilbao\/?lang=eu\">Ibone Ametzaga Cadena SERen. Bilbo inguruko naturaltasuna<\/a><\/strong><\/li>\n<\/ul>\n<p>&nbsp;<\/p>\n<table width=\"684\">\n<tbody>\n<tr>\n<td><strong>KATEDRAK PARTE HARTZEN DUEN AKTIBITATEAK<br \/>\n<\/strong><\/td>\n<\/tr>\n<\/tbody>\n<\/table>\n<div class=\"uavc-list-icon \" data-animation=\"\" data-animation-delay=\"03\">\n<div class=\"ult-just-icon-wrapper \">\n<div class=\"align-icon\">\n<div id=\"list-icon-wrap-5831\" class=\"uavc-list-content\">\n<div class=\"uavc-list-icon \" data-animation=\"\" data-animation-delay=\"03\">\n<ul>\n<li><strong>27\/11\/23: <\/strong><strong><a href=\"https:\/\/www.ehu.eus\/cdsea\/web\/index.php\/euskal-hiria-kongresua\/?lang=eu\">Euskal Hiria Kongresua. XXII. edizioa.<\/a><\/strong><\/li>\n<li><strong>21\/11\/23: <\/strong><strong><a href=\"https:\/\/www.ehu.eus\/cdsea\/web\/index.php\/jornada-horizonte-2024-del-proyecto-boost-del-gobierno-vasco\/?lang=eu\">BOOST proiektuaren Jardunaldia: 2024ko horizontea<\/a><\/strong><\/li>\n<li><strong>16\/11\/23: <\/strong><strong><a href=\"https:\/\/www.ehu.eus\/cdsea\/web\/index.php\/congreso-final-del-proyecto-life-via-de-la-plata\/?lang=eu\">LIFE V\u00eda de la Plata proiektuaren azken kongresua.<\/a><\/strong><\/li>\n<li><strong>23\/05\/23: <\/strong><strong><a href=\"https:\/\/www.ehu.eus\/cdsea\/web\/wp-admin\/post.php?vc_action=vc_inline&amp;post_id=16888&amp;post_type=page&amp;lang=eu\">Elkarlab 2030 Jardunaldiak: Agenda 2030 lokalizatzeko aldaketa-eragileak<\/a><\/strong><\/li>\n<li><strong>23\/05\/23: <\/strong><strong><a href=\"http:\/\/www.ehu.eus\/cdsea\/web\/wp-content\/uploads\/2017\/03\/Decreto-130_2022.pdf\">Euskal Autonomia Erkidegoan iraunkortasunerako ingurumen-hezkuntza bultzatzea<\/a><\/strong><\/li>\n<li><strong>22\/05\/23:\u00a0<a href=\"https:\/\/fundacion-biodiversidad.es\/actualidad_home\/la-proteccion-y-restauracion-de-la-biodiversidad-claves-para-nuestro-bienestar\/\">Gaur Biodibertsitate Nazioarteko Eguna<\/a><\/strong><\/li>\n<li><strong>03\/05\/23: <a href=\"https:\/\/www.ehu.eus\/cdsea\/web\/index.php\/boost\/?lang=eu\">BOOST Proiektuak<\/a><\/strong><\/li>\n<li><strong>24\/04\/23: <\/strong><strong><a href=\"https:\/\/www.ehu.eus\/cdsea\/web\/index.php\/participacion-en-la-asamblea-general-de-las-naciones-unidas\/?lang=eu\">Nazio Batuen Batzar Orokorra<\/a><\/strong><\/li>\n<li><strong>24\/04\/23:\u00a0<\/strong><a href=\"https:\/\/www.ehu.eus\/cdsea\/web\/index.php\/curso-soluciones-basadas-en-la-naturaleza\/?lang=eu\"><strong>Naturan oinarritutako konponbideak ikastaroa<\/strong><\/a><\/li>\n<li><strong>07\/04\/23: <\/strong><strong><a href=\"https:\/\/www.cristinaenea.eus\/eu\/mnu\/00040-iraunkortasunaren-eta-klimaren-behatokia-apunte-koadernoak\">\u201cCristina Enea Fundazioa\u201d Apunte Koadernoak<\/a><\/strong><\/li>\n<li><strong>22\/03\/23: <\/strong><strong><a href=\"https:\/\/www.ehu.eus\/cdsea\/web\/index.php\/elcorreo\/?lang=eu\">\u201cEl Correo\u201dMar\u00eda D\u00edaz de Haroren korridore berdea estreinatzen duten 50 bat zuhaitzek<\/a><\/strong><\/li>\n<li><strong>21\/03\/23: <\/strong><strong><a href=\"https:\/\/www.ehu.eus\/cdsea\/web\/index.php\/analisis-del-pgou-getxoko-habitaren-bilakaera-eta-etorkizuna\/?lang=eu\">HAPOaren azterketa \u201cGetxoko habitaren bilakaera eta etorkizuna<\/a><\/strong><\/li>\n<li><strong>02\/03\/23: <\/strong><strong><a href=\"https:\/\/www.ehu.eus\/cdsea\/web\/index.php\/jornada-retos-del-sector-primario\/?lang=eu\">Lehen sektorearen erronkak jardunaldia.<\/a><\/strong><\/li>\n<li><strong>10\/02\/23: <\/strong><strong><a href=\"https:\/\/www.ehu.eus\/cdsea\/web\/index.php\/cristina-enea\/?lang=eu\">Cristina Enea Fundazioaren argitalpena: \u201cNaturaren onurak\u201d<\/a><\/strong><\/li>\n<li><strong>07\/02\/23: <\/strong><strong><a href=\"https:\/\/www.ehu.eus\/cdsea\/web\/index.php\/jornada-las-mujeres-en-bizkaia-talento-cultura-de-la-cooperacion-y-proyeccion-social\/?lang=eu\">Emakumeak Bizkaian Talentua, Lankidetzaren Kultura eta Proiekzio Sozialaren jardunaldia<\/a><\/strong><\/li>\n<li><strong>02\/02\/23: <\/strong><strong><a href=\"https:\/\/www.ehu.eus\/cdsea\/web\/index.php\/faktoria-magazine-2\/?lang=eu\">Faktoria Magazine<\/a><\/strong><\/li>\n<li><strong>01\/02\/23: <\/strong><strong><u><a href=\"https:\/\/www.ehu.eus\/cdsea\/web\/index.php\/concurso-fotografico-medio-ambiente-y-derechos-humanos-red-por-la-sostenibilidad-ambiental-en-lucha-contra-la-pobreza\/?lang=eu\">Argazki-leihaketa \u201cIngurumena eta Giza Eskubidea<\/a><\/u><\/strong><\/li>\n<\/ul>\n<\/div>\n<\/div>\n<\/div>\n<\/div>\n<\/div>\n<p>[\/vc_column_text][\/vc_column][\/vc_row]<\/p>\n","protected":false},"excerpt":{"rendered":"<p>[vc_row][vc_column width=\u00bb1\/4&#8243;][vc_wp_custommenu nav_menu=\u00bb20&#8243;][\/vc_column][vc_column width=\u00bb3\/4&#8243;][vc_custom_heading text=\u00bbAKTIBITATEAK 2023&#8243; font_container=\u00bbtag:h2|text_align:left|color:%2350af36&#8243; google_fonts=\u00bbfont_family:Droid%20Sans%3Aregular%2C700|font_style:400%20regular%3A400%3Anormal\u00bb][vc_column_text] KATEDRAKO AKTIBITATEAK 08\/09\/23: Artikulu berria Ecosistemas aldizkarian: \u201cSilvopastoralismo en la ZEC de Gorbeia (Pa\u00eds Vasco): selecci\u00f3n espacial y temporal de h\u00e1bitats forestales\u201d 03\/07\/23: Zerbitzu Ekosistemen 2023eko 1en Boletina 02\/05\/23: Ingurumen, Iraunkortasuna eta GIHen Masterraren aurrematrikularen epea irekita dago. 14\/04\/23: Ibone Ametzaga teleberrin (eitb). \u201cDo\u00f1ana lehortzen jarraitzeak ekarriko [&hellip;]<\/p>\n","protected":false},"author":4,"featured_media":0,"parent":0,"menu_order":0,"comment_status":"closed","ping_status":"closed","template":"","meta":{"footnotes":""},"class_list":["post-17771","page","type-page","status-publish","hentry"],"_links":{"self":[{"href":"https:\/\/www.ehu.eus\/cdsea\/web\/index.php\/wp-json\/wp\/v2\/pages\/17771"}],"collection":[{"href":"https:\/\/www.ehu.eus\/cdsea\/web\/index.php\/wp-json\/wp\/v2\/pages"}],"about":[{"href":"https:\/\/www.ehu.eus\/cdsea\/web\/index.php\/wp-json\/wp\/v2\/types\/page"}],"author":[{"embeddable":true,"href":"https:\/\/www.ehu.eus\/cdsea\/web\/index.php\/wp-json\/wp\/v2\/users\/4"}],"replies":[{"embeddable":true,"href":"https:\/\/www.ehu.eus\/cdsea\/web\/index.php\/wp-json\/wp\/v2\/comments?post=17771"}],"version-history":[{"count":11,"href":"https:\/\/www.ehu.eus\/cdsea\/web\/index.php\/wp-json\/wp\/v2\/pages\/17771\/revisions"}],"predecessor-version":[{"id":17869,"href":"https:\/\/www.ehu.eus\/cdsea\/web\/index.php\/wp-json\/wp\/v2\/pages\/17771\/revisions\/17869"}],"wp:attachment":[{"href":"https:\/\/www.ehu.eus\/cdsea\/web\/index.php\/wp-json\/wp\/v2\/media?parent=17771"}],"curies":[{"name":"wp","href":"https:\/\/api.w.org\/{rel}","templated":true}]}}