{"id":2015,"date":"2017-01-10T18:30:48","date_gmt":"2017-01-10T18:30:48","guid":{"rendered":"http:\/\/www.ehu.eus\/cdsea\/cdseawp\/?page_id=2015"},"modified":"2024-08-13T14:10:07","modified_gmt":"2024-08-13T12:10:07","slug":"lorena-pena","status":"publish","type":"page","link":"https:\/\/www.ehu.eus\/cdsea\/web\/index.php\/lorena-pena\/","title":{"rendered":"Lorena Pe\u00f1a"},"content":{"rendered":"<p style=\"text-align: justify;\">Es doctora en ecolog\u00eda por la Universidad del Pa\u00eds Vasco (UPV\/EHU) desde 2009, miembro del personal investigador del Departamento de Biolog\u00eda Vegetal y Ecolog\u00eda de dicha universidad desde 2004 y profesora en el T\u00edtulo propio de la Universidad del Pa\u00eds Vasco (UPV\/EHU) \u201cDerecho Ambiental\u201d desde 2012.<\/p>\n<p style=\"text-align: justify;\"><img loading=\"lazy\" decoding=\"async\" class=\"wp-image-2016 alignnone\" src=\"http:\/\/www.ehu.eus\/cdsea\/web\/wp-content\/uploads\/2017\/01\/LorenaPea.jpg\" alt=\"lorenapea\" width=\"180\" height=\"180\" \/><\/p>\n<p style=\"text-align: justify;\">A lo largo de su carrera ha trabajado en diferentes proyectos de investigaci\u00f3n relacionados con la ecolog\u00eda forestal, la ecolog\u00eda del paisaje, la biodiversidad y la geodiversidad, tanto de convocatorias p\u00fablicas como privadas. Su actual linea de investigaci\u00f3n se centra en los Servicios de los Ecosistemas.<\/p>\n<p style=\"text-align: justify;\">Adem\u00e1s, ha participado y contribuido en numerosos cursos, jornadas, seminarios, exposiciones, congresos y reuniones, tanto nacionales como internacionales, relacionados con esta tem\u00e1tica.<\/p>\n<p style=\"text-align: justify;\">Es autora\/coautora, editora y codirectora de diversos trabajos y art\u00edculos cient\u00edficos.<\/p>\n<p style=\"text-align: justify;\">Actualmente, se encuentra trabajando en el proyecto \u201cEvaluaci\u00f3n de los Servicios de los Ecosistemas de Euskadi\u201d, proyecto financiado por el Gobierno Vasco y la Diputaci\u00f3n Foral de Bizkaia, que se enmarca dentro del programa cient\u00edfico de Naciones Unidas denominado \u201cEvaluaci\u00f3n de los Ecosistemas del Milenio\u201d (EEM), cuyo objetivo es reunir informaci\u00f3n sobre el estado de conservaci\u00f3n de los ecosistemas y de los servicios que \u00e9stos proporcionan a la sociedad.<\/p>\n<p>[\/vc_column_text][\/vc_column][\/vc_row]<\/p>\n","protected":false},"excerpt":{"rendered":"<p>Es doctora en ecolog\u00eda por la Universidad del Pa\u00eds Vasco (UPV\/EHU) desde 2009, miembro del personal investigador del Departamento de Biolog\u00eda Vegetal y Ecolog\u00eda de dicha universidad desde 2004 y profesora en el T\u00edtulo propio de la Universidad del Pa\u00eds Vasco (UPV\/EHU) \u201cDerecho Ambiental\u201d desde 2012. A lo largo de su carrera ha trabajado en [&hellip;]<\/p>\n","protected":false},"author":1,"featured_media":0,"parent":0,"menu_order":0,"comment_status":"closed","ping_status":"closed","template":"","meta":{"footnotes":""},"class_list":["post-2015","page","type-page","status-publish","hentry"],"_links":{"self":[{"href":"https:\/\/www.ehu.eus\/cdsea\/web\/index.php\/wp-json\/wp\/v2\/pages\/2015"}],"collection":[{"href":"https:\/\/www.ehu.eus\/cdsea\/web\/index.php\/wp-json\/wp\/v2\/pages"}],"about":[{"href":"https:\/\/www.ehu.eus\/cdsea\/web\/index.php\/wp-json\/wp\/v2\/types\/page"}],"author":[{"embeddable":true,"href":"https:\/\/www.ehu.eus\/cdsea\/web\/index.php\/wp-json\/wp\/v2\/users\/1"}],"replies":[{"embeddable":true,"href":"https:\/\/www.ehu.eus\/cdsea\/web\/index.php\/wp-json\/wp\/v2\/comments?post=2015"}],"version-history":[{"count":2,"href":"https:\/\/www.ehu.eus\/cdsea\/web\/index.php\/wp-json\/wp\/v2\/pages\/2015\/revisions"}],"predecessor-version":[{"id":18120,"href":"https:\/\/www.ehu.eus\/cdsea\/web\/index.php\/wp-json\/wp\/v2\/pages\/2015\/revisions\/18120"}],"wp:attachment":[{"href":"https:\/\/www.ehu.eus\/cdsea\/web\/index.php\/wp-json\/wp\/v2\/media?parent=2015"}],"curies":[{"name":"wp","href":"https:\/\/api.w.org\/{rel}","templated":true}]}}