{"id":2231,"date":"2016-12-27T17:13:51","date_gmt":"2016-12-27T17:13:51","guid":{"rendered":"http:\/\/www.ehu.eus\/cdsea\/cdseawp\/index.php\/acceso-a-alumnos\/apuntes\/"},"modified":"2026-03-24T12:48:40","modified_gmt":"2026-03-24T11:48:40","slug":"apuntes","status":"publish","type":"page","link":"https:\/\/www.ehu.eus\/cdsea\/web\/index.php\/acceso-alumnado\/apuntes\/","title":{"rendered":"Apuntes."},"content":{"rendered":"\n<div class=\"wp-block-columns alignwide is-layout-flex wp-container-core-columns-is-layout-1 wp-block-columns-is-layout-flex\">\n<div class=\"wp-block-column is-layout-flow wp-block-column-is-layout-flow\" style=\"flex-basis:20%\"><nav class=\"has-background has-base-background-color is-responsive items-justified-center is-vertical wp-block-navigation is-content-justification-center is-layout-flex wp-container-core-navigation-is-layout-1 wp-block-navigation-is-layout-flex\" aria-label=\"Navegaci\u00f3n 3\" \n\t\t data-wp-interactive=\"core\/navigation\" data-wp-context='{\"overlayOpenedBy\":{\"click\":false,\"hover\":false,\"focus\":false},\"type\":\"overlay\",\"roleAttribute\":\"\",\"ariaLabel\":\"Men\\u00fa\"}'><button aria-haspopup=\"dialog\" aria-label=\"Abrir el men\u00fa\" class=\"wp-block-navigation__responsive-container-open \" \n\t\t\t\tdata-wp-on-async--click=\"actions.openMenuOnClick\"\n\t\t\t\tdata-wp-on--keydown=\"actions.handleMenuKeydown\"\n\t\t\t><svg width=\"24\" height=\"24\" xmlns=\"http:\/\/www.w3.org\/2000\/svg\" viewBox=\"0 0 24 24\" aria-hidden=\"true\" focusable=\"false\"><rect x=\"4\" y=\"7.5\" width=\"16\" height=\"1.5\" \/><rect x=\"4\" y=\"15\" width=\"16\" height=\"1.5\" \/><\/svg><\/button>\n\t\t\t\t<div class=\"wp-block-navigation__responsive-container  \"  id=\"modal-1\" \n\t\t\t\tdata-wp-class--has-modal-open=\"state.isMenuOpen\"\n\t\t\t\tdata-wp-class--is-menu-open=\"state.isMenuOpen\"\n\t\t\t\tdata-wp-watch=\"callbacks.initMenu\"\n\t\t\t\tdata-wp-on--keydown=\"actions.handleMenuKeydown\"\n\t\t\t\tdata-wp-on-async--focusout=\"actions.handleMenuFocusout\"\n\t\t\t\ttabindex=\"-1\"\n\t\t\t>\n\t\t\t\t\t<div class=\"wp-block-navigation__responsive-close\" tabindex=\"-1\">\n\t\t\t\t\t\t<div class=\"wp-block-navigation__responsive-dialog\" \n\t\t\t\tdata-wp-bind--aria-modal=\"state.ariaModal\"\n\t\t\t\tdata-wp-bind--aria-label=\"state.ariaLabel\"\n\t\t\t\tdata-wp-bind--role=\"state.roleAttribute\"\n\t\t\t>\n\t\t\t\t\t\t\t<button aria-label=\"Cerrar el men\u00fa\" class=\"wp-block-navigation__responsive-container-close\" \n\t\t\t\tdata-wp-on-async--click=\"actions.closeMenuOnClick\"\n\t\t\t><svg xmlns=\"http:\/\/www.w3.org\/2000\/svg\" viewBox=\"0 0 24 24\" width=\"24\" height=\"24\" aria-hidden=\"true\" focusable=\"false\"><path d=\"M13 11.8l6.1-6.3-1-1-6.1 6.2-6.1-6.2-1 1 6.1 6.3-6.5 6.7 1 1 6.5-6.6 6.5 6.6 1-1z\"><\/path><\/svg><\/button>\n\t\t\t\t\t\t\t<div class=\"wp-block-navigation__responsive-container-content\" \n\t\t\t\tdata-wp-watch=\"callbacks.focusFirstElement\"\n\t\t\t id=\"modal-1-content\">\n\t\t\t\t\t\t\t\t<ul class=\"wp-block-navigation__container has-background has-base-background-color is-responsive items-justified-center is-vertical wp-block-navigation\"><li class=\" wp-block-navigation-item wp-block-navigation-link\"><a class=\"wp-block-navigation-item__content\"  href=\"https:\/\/www.ehu.eus\/cdsea\/web\/index.php\/acceso-alumnado\/apuntes\/\"><span class=\"wp-block-navigation-item__label\"><strong>Apuntes<\/strong><\/span><\/a><\/li><li class=\" wp-block-navigation-item wp-block-navigation-link\"><a class=\"wp-block-navigation-item__content\"  href=\"https:\/\/www.ehu.eus\/cdsea\/web\/index.php\/acceso-alumnado\/trabajo-final\/?lang=eu\"><span class=\"wp-block-navigation-item__label\"><strong>Trabajo Final<\/strong><\/span><\/a><\/li><li class=\" wp-block-navigation-item wp-block-navigation-link\"><a class=\"wp-block-navigation-item__content\"  href=\"https:\/\/www.ehu.eus\/cdsea\/web\/index.php\/master_propio\/programa\/practicas-en-empresas\/\"><span class=\"wp-block-navigation-item__label\"><strong>Pr\u00e1cticas<\/strong><\/span><\/a><\/li><li class=\" wp-block-navigation-item wp-block-navigation-link\"><a class=\"wp-block-navigation-item__content\"  href=\"https:\/\/www.ehu.eus\/cdsea\/web\/index.php\/master_propio\/programa\/\"><span class=\"wp-block-navigation-item__label\"><strong>Programa<\/strong><\/span><\/a><\/li><li class=\" wp-block-navigation-item wp-block-navigation-link\"><a class=\"wp-block-navigation-item__content\"  href=\"https:\/\/www.ehu.eus\/cdsea\/web\/index.php\/acceso-alumnado\/varios\/?lang=eu\"><span class=\"wp-block-navigation-item__label\"><strong>Varios<\/strong><\/span><\/a><\/li><\/ul>\n\t\t\t\t\t\t\t<\/div>\n\t\t\t\t\t\t<\/div>\n\t\t\t\t\t<\/div>\n\t\t\t\t<\/div><\/nav><\/div>\n\n\n\n<div class=\"wp-block-column is-layout-flow wp-block-column-is-layout-flow\" style=\"flex-basis:66.66%\">\n<p><strong>Queda terminantemente prohibido circular o divulgar el material aqu\u00ed contenido. Es solo material para clase.<\/strong><\/p>\n\n\n\n<p class=\"has-large-font-size\">Modulo 1. La Sostenibilidad, una Visi\u00f3n Global<\/p>\n\n\n\n<p class=\"has-large-font-size\"><strong>Semana 1<\/strong><\/p>\n\n\n\n<p><strong>13\/10\/25.-<\/strong>&nbsp;<a href=\"http:\/\/www.ehu.eus\/cdsea\/web\/wp-content\/uploads\/2025\/10\/presentamaster2526.pdf\"><strong>Presentaci\u00f3n m\u00e1ster<\/strong>&nbsp;<\/a>Medio Ambiente, Sostenibilidad y ODS,&nbsp;<em>Ibone Ametzaga\/Sonia Arrasate (UPV\/EHU)&nbsp; &nbsp; &nbsp; &nbsp;<\/em><\/p>\n\n\n\n<p><strong>13\/10\/25.- <\/strong><a href=\"http:\/\/www.ehu.eus\/cdsea\/web\/wp-content\/uploads\/2025\/10\/Ecosistema-humano-y-compromiso.pdf\"><strong>Ecosistema humano y compromiso.<\/strong><\/a>&nbsp;<em>Leire Agirreazkuenaga (UPV\/EHU)&nbsp;<\/em><br><strong>14\/10\/25.-<\/strong>&nbsp;<strong><a href=\"http:\/\/www.ehu.eus\/cdsea\/web\/wp-content\/uploads\/2025\/10\/Ibone-Ametzaga.pdf\">La dimensi\u00f3n ecol\u00f3gica de la sostenibilidad<\/a>,&nbsp;<\/strong><em>Ibone Ametzaga (UPV\/EHU).<\/em><\/p>\n\n\n\n<p><strong>16\/10\/2025.- <a href=\"http:\/\/www.ehu.eus\/cdsea\/web\/wp-content\/uploads\/2025\/10\/UN-Etxea-Ruben-Iniguez.pdf\">Agenda 2030 Y ODS. Antecedente, Origen y aplicaci\u00f3n en las Pol\u00edticas internacionales de sostenibilidad<\/a>, <\/strong>Ruben I\u00f1iguez (UN Etxea).<\/p>\n\n\n\n<p><\/p>\n\n\n\n<p><\/p>\n\n\n\n<p class=\"has-large-font-size\"><strong>Semana 2<\/strong><\/p>\n\n\n\n<p>20\/10\/25<strong>.-.<a href=\"http:\/\/www.ehu.eus\/cdsea\/web\/wp-content\/uploads\/2025\/10\/Eneko-Garmendia-PROTEGIDO.pdf\">La dimensi\u00f3n econ\u00f3mica de la sostenibilidad,<\/a>&nbsp;<\/strong><em>Eneko Garmendia&nbsp;(UPV\/EHU)<\/em><\/p>\n\n\n\n<p>21\/10\/25<strong>.-<\/strong><a href=\"http:\/\/www.ehu.eus\/cdsea\/web\/wp-content\/uploads\/2025\/10\/Unai-Tamayo.pdf\"><strong>Marketing ecol\u00f3gico y consumo responsable<\/strong><\/a>, Unai Tamayo (UPV\/EHU).<\/p>\n\n\n\n<p>22\/10\/25.<strong>&#8211;<\/strong><a href=\"http:\/\/www.ehu.eus\/cdsea\/web\/wp-content\/uploads\/2025\/10\/DIMENSION-prot-SOCIAL-DEL-DESARROLLO-SOSTENIBLE-2025.pdf\"><strong>La dimensi\u00f3n social de la sostenibilidad<\/strong><\/a>. ,&nbsp;Arantza Acha (UN Etxea-Centro UNESCO del Pa\u00eds Vasco)<\/p>\n\n\n\n<p>23\/10\/25.<strong>&#8211;<\/strong> <strong><a href=\"http:\/\/www.ehu.eus\/cdsea\/web\/wp-content\/uploads\/2025\/10\/Nanclares-Estitxu.pdf\">Indicadores de Sostenibilidad<\/a><\/strong>, Estitxu Nanclates (Basoinsa)<\/p>\n\n\n\n<p><\/p>\n\n\n\n<p class=\"has-large-font-size\"><strong>Semana 3<\/strong><\/p>\n\n\n\n<p>27\/10\/2025.- Sesion on line. <strong><a href=\"http:\/\/www.ehu.eus\/cdsea\/web\/wp-content\/uploads\/2025\/10\/JBenayas-finalPROTEGIDO.pdf\">El reto de comunicar la importancia de la sostenibilidad<\/a><\/strong>, <em>Javier Benayas (UAM)<\/em><\/p>\n\n\n\n<p>28\/10\/2025.- <a href=\"http:\/\/www.ehu.eus\/cdsea\/web\/wp-content\/uploads\/2025\/10\/Marcos-diaz-AitorGobernanza-redes-y-sostenibilidad.pdf\"><strong>Gobernanza, redes y sostenibilida<\/strong>d<\/a>, Aitor Marcos Diaz (UPV\/EHU)<\/p>\n\n\n\n<p><\/p>\n\n\n\n<p>29\/10\/2025.- <a href=\"http:\/\/www.ehu.eus\/cdsea\/web\/wp-content\/uploads\/2025\/10\/SOBERANIA-ALIMENTARIA-25_26.pdf\"><strong>Soberan\u00eda alimentaria<\/strong>.<\/a> Ainhoa Lasa (UPV\/EHU).<\/p>\n\n\n\n<p><a href=\"http:\/\/www.ehu.eus\/cdsea\/web\/wp-content\/uploads\/2025\/10\/Breve-trabajo-de-reflexion-sobre-la-soberania-alimentaria-25_26.pdf\">Trabajo Soberania alimentaria<\/a><\/p>\n\n\n\n<p>30\/10\/2025.- <strong><a href=\"http:\/\/www.ehu.eus\/cdsea\/web\/wp-content\/uploads\/2025\/11\/Ines-GArciaPROTEGIDO-LENGUAS-Y-DESARROLLO-SOSTENIBLE_2025-2026.pdf\">Lenguas y Desarrollo Sostenible<\/a>,<\/strong> In\u00e9s Garc\u00eda&nbsp;(C\u00e1tedra UNESCO de Patrimonio Ling\u00fc\u00edstico Mundial de la UPV\/EHU)<\/p>\n\n\n\n<p><\/p>\n\n\n\n<p class=\"has-large-font-size\"><strong>Semana 4<\/strong><\/p>\n\n\n\n<p>03\/11\/2025.-<a href=\"https:\/\/bizkaikohirihondakinenbehatokia.com\/es\/observatorio-de-residuos\/\"><strong>Visita centro WASTELAB el futuro de los residuos<\/strong><\/a> (Poligono tecnol\u00f3gico Zamudio)<\/p>\n\n\n\n<p>04\/11\/2025.- <strong><a href=\"http:\/\/www.ehu.eus\/cdsea\/web\/wp-content\/uploads\/2025\/11\/Master-Coop-y-Sost_Zabalketa_nov2025_V1.pdf\">Cooperaci\u00f3n al desarrollo y sostenibilidad ambiental<\/a><\/strong>.&nbsp; Gorka Cubero (Asociaci\u00f3n Zabalketa de Cooperaci\u00f3n y Desarrollo).<\/p>\n\n\n\n<p>        <a href=\"http:\/\/www.ehu.eus\/cdsea\/web\/wp-content\/uploads\/2025\/11\/cuaderno-01-gobernanza-ambiental-paritcipativa-ZABALKETA-cas.pdf\">Bolivia1<\/a><\/p>\n\n\n\n<p>        <a href=\"http:\/\/www.ehu.eus\/cdsea\/web\/wp-content\/uploads\/2025\/11\/Doc_1_Bolivia_es.pdf\">Bolivia 2<\/a><\/p>\n\n\n\n<p>05\/11\/2025.- &nbsp;<strong><a href=\"http:\/\/www.ehu.eus\/cdsea\/web\/wp-content\/uploads\/2025\/11\/Nerea-zuluagaPROTEGIDODeuda-Ecologica-y-Transiciones-Energeticas.pdf\">Deuda ecol\u00f3gica<\/a><\/strong>, Nerea Zuluaga (UPV\/EHU)<\/p>\n\n\n\n<p>06\/11\/2025.- <strong><a href=\"http:\/\/www.ehu.eus\/cdsea\/web\/wp-content\/uploads\/2026\/03\/Izquierdo-Ana.pdf\">Participaci\u00f3n Ciudadana<\/a><\/strong> (Ana Izquierdo, Ayuntamiento de Ordu\u00f1a)<\/p>\n\n\n\n<p class=\"has-large-font-size\"><strong>Semana 5<\/strong><\/p>\n\n\n\n<p><\/p>\n\n\n\n<p>10\/11\/2025. <strong><a href=\"http:\/\/www.ehu.eus\/cdsea\/web\/wp-content\/uploads\/2025\/11\/TPTEC_2025.pdf\">Tecnolog\u00edas para el Desarrollo Humano y la Sostenibilidad<\/a><\/strong>, Joseba Sainz de Murieta, Irati Abad y Arrate Zelaia&nbsp; (ISF\/MGI).<\/p>\n\n\n\n<ul class=\"wp-block-list\">\n<li><a href=\"http:\/\/www.ehu.eus\/cdsea\/web\/wp-content\/uploads\/2025\/11\/GRALMAL-proposamenak-202526-Propuestas-para-TFGTFM-curso-202526.docx.pdf\">TFM Propuestas<\/a><\/li>\n\n\n\n<li><a href=\"http:\/\/www.ehu.eus\/cdsea\/web\/wp-content\/uploads\/2025\/11\/Experiencias-en-El-Salvador_2526_Ingenieria_Sin_Fronteras_Pais_Vasco_Euskal_05.pdf\">El Salvador<\/a><\/li>\n\n\n\n<li><a href=\"http:\/\/www.ehu.eus\/cdsea\/web\/wp-content\/uploads\/2025\/11\/ISF-Euskadi-Informacion-y-links-utiles.pdf\">Links<\/a><\/li>\n<\/ul>\n\n\n\n<p>11\/11\/2025. <strong><a href=\"http:\/\/www.ehu.eus\/cdsea\/web\/wp-content\/uploads\/2025\/11\/Catedra-Unesco-UPV.pdf\">IA y sostenibilidad.<\/a><\/strong> Andy Backer<\/p>\n\n\n\n<p><a href=\"http:\/\/www.ehu.eus\/cdsea\/web\/wp-content\/uploads\/2025\/11\/EkoPulse_Democratizando-el-reconocimiento-sostenible-2.pdf\">Eko pulse<\/a><\/p>\n\n\n\n<p>12\/11\/2025. <a href=\"http:\/\/www.ehu.eus\/cdsea\/web\/wp-content\/uploads\/2025\/11\/David-alba_EHU_121125.pdf\"><strong>Sostenibilidad Urbana<\/strong>.<\/a> David Alba (UAM)<\/p>\n\n\n\n<p>13\/11\/202. <strong><a href=\"http:\/\/www.ehu.eus\/cdsea\/web\/wp-content\/uploads\/2025\/11\/2025-PRESENTACION-MASTER-UNESCO-maria-jokin.pdf\">Conflictos Ecosociales y derechos humanos<\/a><\/strong> . Jokin Alberdi y Maria Oianguren (Gernika Gogoratuz)<\/p>\n\n\n\n<p>      <a href=\"http:\/\/www.ehu.eus\/cdsea\/web\/wp-content\/uploads\/2025\/11\/GUIA_Cultura-de-paz-para-una-educacion-transformadora.pdf\">Guia Cultura de paz<\/a><\/p>\n\n\n\n<p class=\"has-large-font-size\"><br><br>Modulo 2. Desarrollo sostenible, diversidad natural y servicios de los ecosistemas<br><br><strong>Semana 6<\/strong><\/p>\n\n\n\n<p>18\/11\/2025<strong>. <a href=\"http:\/\/www.ehu.eus\/cdsea\/web\/wp-content\/uploads\/2025\/11\/Lorena-protegido-Pena.pdf\">Biodiversidad&nbsp;y&nbsp;Servicios&nbsp;de&nbsp;los&nbsp;Ecosistemas&nbsp;de&nbsp;Euskadi<\/a><\/strong>, Lorena Pe\u00f1a(UPV\/EHU)<\/p>\n\n\n\n<p>19\/11\/2025<strong>. <a href=\"http:\/\/www.ehu.eus\/cdsea\/web\/wp-content\/uploads\/2025\/11\/Beatriz-protegido-Fernandez.pdf\">Espacios verdes y biodiversidad en entornos urbanos<\/a><\/strong>, Beatriz Fern\u00e1ndez de Manuel (UPV\/EHU).<\/p>\n\n\n\n<p>20\/11\/2025. <strong><em><a href=\"http:\/\/www.ehu.eus\/cdsea\/web\/wp-content\/uploads\/2025\/11\/Hoyos-PROTEGIDO-David.pdf\">Valoraci\u00f3n econ\u00f3mica de los servicios de los ecosistemas<\/a><\/em><\/strong>, <em>David Hoyos (UPV\/EHU)<\/em><\/p>\n\n\n\n<p><\/p>\n\n\n\n<p class=\"has-large-font-size\"><strong>Semana 7<\/strong><\/p>\n\n\n\n<p>24\/11\/25.<strong>&#8211; <a href=\"http:\/\/www.ehu.eus\/cdsea\/web\/wp-content\/uploads\/2025\/11\/Inaki-Urrutia-URA.pdf\">Agua y Desarrollo Sostenible (I)<\/a>.<em>&nbsp;<\/em><\/strong><em> I\u00f1aki Urrutia&nbsp;(URA)<\/em><\/p>\n\n\n\n<p><\/p>\n\n\n\n<p>25\/11\/25.<strong>&#8211; <a href=\"http:\/\/www.ehu.eus\/cdsea\/web\/wp-content\/uploads\/2025\/11\/MasterODS_2025-11-25.pdf\">Agua y Desarrollo Sostenible (II).<\/a>&nbsp; <\/strong><em>V\u00edctor Pe\u00f1as (URA)<\/em><\/p>\n\n\n\n<p>___<a href=\"http:\/\/www.ehu.eus\/cdsea\/web\/wp-content\/uploads\/2025\/11\/Cambio-climatico-y-riesgos-climaticos-en-Espana-OLCINA.pdf\">Cambio climatico y riesgos clim\u00e1ticos<\/a><\/p>\n\n\n\n<p>___<a href=\"http:\/\/www.ehu.eus\/cdsea\/web\/wp-content\/uploads\/2025\/11\/Consideraciones-de-FNCA-ante-las-inundaciones.pdf\">Consideraciones FNCA<\/a><\/p>\n\n\n\n<p><\/p>\n\n\n\n<p>26 y 27 \/11\/25<em>.<\/em><strong><em>-Geolog\u00eda y sostenibilidad (I) y (II).<\/em><\/strong>&nbsp;<em>Xabier Murelaga (UPV\/EHU).<\/em><\/p>\n\n\n\n<p><\/p>\n\n\n\n<p class=\"has-large-font-size\"><strong>Semana 8<\/strong><\/p>\n\n\n\n<p>01\/12\/2025.- <strong><em><a href=\"https:\/\/view.genially.com\/6788b6095ff23cf7993fd25c\/interactive-content-catedra-unesco-1d-2025\">Comedores Escolares: Herramienta para la transformaci\u00f3n social y medioambiental<\/a><\/em><\/strong>. Patricia Gom\u00e9z (Directora Justicia Alimentaria Euskadi)&nbsp;<\/p>\n\n\n\n<p>02 y 03\/12\/2025.- <strong>Sostenibilidad del recurso suelo (I) y (II). <\/strong><em>Ana Aizpurua<\/em><em> (NEIKER)<\/em><\/p>\n\n\n\n<ul class=\"wp-block-list\">\n<li><em><a href=\"http:\/\/www.ehu.eus\/cdsea\/web\/wp-content\/uploads\/2025\/12\/02-PROT-Suelos-del-Pirineo.pdf\">Suelos del Pirineo<\/a><\/em><\/li>\n\n\n\n<li><em><a href=\"http:\/\/www.ehu.eus\/cdsea\/web\/wp-content\/uploads\/2025\/12\/03-B-PROT-URBAN-Clima-2050.pdf\">Urban Clima 2050<\/a><\/em><\/li>\n\n\n\n<li><a href=\"http:\/\/www.ehu.eus\/cdsea\/web\/wp-content\/uploads\/2025\/12\/04-PROT-Montclima.pdf\">Montclima<\/a><\/li>\n\n\n\n<li><a href=\"http:\/\/www.ehu.eus\/cdsea\/web\/wp-content\/uploads\/2025\/12\/Albizu-PROTEGIDO-todo.pdf\">Proyecto Kalima<\/a><em>&nbsp;<\/em><\/li>\n<\/ul>\n\n\n\n<p>04\/12\/2025.-<strong><a href=\"http:\/\/www.ehu.eus\/cdsea\/web\/wp-content\/uploads\/2026\/03\/Manuel-quiros.pdf\">Biomimesis: Estrategias sostenibles y regenerativas basadas en la naturaleza.<\/a><\/strong> Manuel Quir\u00f3s (Nature inspires us).<\/p>\n\n\n\n<p class=\"has-large-font-size\"><strong>Semana 9<\/strong><\/p>\n\n\n\n<p>9 \/12\/2025.- <strong><a href=\"http:\/\/www.ehu.eus\/cdsea\/web\/wp-content\/uploads\/2025\/12\/1-prot.-MONITORIZACION-BECERRIL.pdf\">Monitorizaci\u00f3n del impacto de los contaminantes mediante bioindicadores biol\u00f3gicos.<\/a> <\/strong> Practica I: Evaluaci\u00f3n de la toxicidad de suelos contaminados mediante indicadores vegetales y microbianos. Txema Becerril \/ Antonio Hern\u00e1ndez (UPV\/EHU).<\/p>\n\n\n\n<p>10\/12\/2025.-<strong><em><a href=\"http:\/\/www.ehu.eus\/cdsea\/web\/wp-content\/uploads\/2025\/12\/Albizu-PROTEGIDO-todo.pdf\">Recursos naturales y agroecosistemas<\/a><\/em><\/strong>. Isabel Albizu (NEIKER-Tecnalia)<\/p>\n\n\n\n<p>11\/12\/2025.-<a href=\"http:\/\/www.ehu.eus\/cdsea\/web\/wp-content\/uploads\/2025\/12\/2-prot-TECNOLOGIAS-BECERRIL-.pdf\"><strong>Tecnolog\u00edas biol\u00f3gicas de remediaci\u00f3n de suelos.<\/strong><\/a> PRACTICA II: Evaluaci\u00f3n de la toxicidad de suelos contaminados mediante indicadores vegetales y microbianos. Txema Becerril \/ Antonio Hern\u00e1ndez (UPV\/EHU).<\/p>\n\n\n\n<p><\/p>\n\n\n\n<p><\/p>\n\n\n\n<p class=\"has-large-font-size\"><strong>Semana 10<\/strong><\/p>\n\n\n\n<p>15\/12\/2025.-<a href=\"http:\/\/www.ehu.eus\/cdsea\/web\/wp-content\/uploads\/2025\/12\/De-la-Torre-PROT-Eduardo.pdf\"><strong><em>Huella ambiental y Huella de carbono: An\u00e1lisis de Impactos y estrategias de mitigaci\u00f3n<\/em><\/strong>.<\/a> Eduardo de la Torre (UPV\/EHU).<\/p>\n\n\n\n<p>16\/12\/2025.-<strong><em><a href=\"http:\/\/www.ehu.eus\/cdsea\/web\/wp-content\/uploads\/2025\/12\/UNESCO-corta.pdf\">Energ\u00edas renovables<\/a><\/em><\/strong>. Gorka Bueno (UPV\/EHU).<\/p>\n\n\n\n<p>. <a href=\"http:\/\/www.ehu.eus\/cdsea\/web\/wp-content\/uploads\/2025\/12\/GSR_2025_Global_Overview.pdf\">GSR_2025<\/a><\/p>\n\n\n\n<p>. <a href=\"http:\/\/www.ehu.eus\/cdsea\/web\/wp-content\/uploads\/2025\/12\/Vidas-PROT-irrenovables.pdf\">Vidas Irrenovables<\/a><\/p>\n\n\n\n<p>17\/12\/2025.- <strong><a href=\"http:\/\/www.ehu.eus\/cdsea\/web\/wp-content\/uploads\/2025\/12\/Clase-PROT-Evaluacion-Ambiental-en-Bizkaia-master-UPV-EHU-2025-2026.pdf\">E<em>valuaci\u00f3n ambiental de planes y proyectos en Bizkaia<\/em><\/a><\/strong>, <em>Xabier Iturrate (DFB\/BFA).<\/em><\/p>\n\n\n\n<p>.<em><a href=\"http:\/\/www.ehu.eus\/cdsea\/web\/wp-content\/uploads\/2025\/12\/Ley-10_2021-Administracion-Ambiental-de-Euskadi.pdf\">Ley 10\/2021<\/a><\/em><\/p>\n\n\n\n<p>.<em><a href=\"http:\/\/www.ehu.eus\/cdsea\/web\/wp-content\/uploads\/2025\/12\/Ley-21_2013-EA-TEXTO-CONSOLIDADO.pdf\">Ley 21\/2013<\/a><\/em><\/p>\n\n\n\n<p>.<em><a href=\"http:\/\/www.ehu.eus\/cdsea\/web\/wp-content\/uploads\/2025\/12\/RD-445-2023-de-13-de-junio-modf-Anexos-Ley-21-2013-EIA-002.pdf\">RD 445\/2023<\/a><\/em><\/p>\n\n\n\n<p>.<em><a href=\"http:\/\/www.ehu.eus\/cdsea\/web\/wp-content\/uploads\/2025\/12\/Orduna-PROT-Todo.pdf\">Caso Pr\u00e1ctico Ordu\u00f1a<\/a><\/em><\/p>\n\n\n\n<p>. <em><a href=\"http:\/\/www.ehu.eus\/cdsea\/web\/wp-content\/uploads\/2025\/12\/CasoPROT-practico-2.pdf\">Caso Pr\u00e1ctico 2<\/a><\/em><\/p>\n\n\n\n<p><\/p>\n\n\n\n<p>18\/12\/2025.-<strong><a href=\"http:\/\/www.ehu.eus\/cdsea\/web\/wp-content\/uploads\/2025\/12\/Loidi-Prot-todo.pdf\">Cambio clim\u00e1tico.<\/a>&nbsp;<\/strong><em>Javier Loidi (UPV\/EHU).<\/em><\/p>\n\n\n\n<ul class=\"wp-block-list\">\n<li><\/li>\n<\/ul>\n\n\n\n<p><\/p>\n\n\n\n<p class=\"has-large-font-size\"><strong>Semana 11<\/strong><\/p>\n\n\n\n<p>07\/01\/2026.-<a href=\"http:\/\/www.ehu.eus\/cdsea\/web\/wp-content\/uploads\/2025\/11\/Hoyos-PROTEGIDO-David.pdf\"><strong>Cambio clim\u00e1tico: situaci\u00f3n actual y escenarios futuros<\/strong>.<\/a> Amaia Albizu (UPV\/EHU)<\/p>\n\n\n\n<p>08\/01\/26.- <strong>Evaluaci\u00f3n del impacto ambiental desde una perspectiva de la Empresa<\/strong> (Jan Lukas Menzel EKOS)<\/p>\n\n\n\n<ul class=\"wp-block-list\">\n<li><em><a href=\"http:\/\/www.ehu.eus\/cdsea\/web\/wp-content\/uploads\/2026\/03\/Curso_Huella_Ecologica_2026.pdf\">Huella Ecol\u00f3gica<\/a><\/em><\/li>\n\n\n\n<li><em><a href=\"http:\/\/www.ehu.eus\/cdsea\/web\/wp-content\/uploads\/2026\/03\/Presentacion_Catedra_EIA_2025_TEORIA-ejemplospractica.pdf\">Teor\u00eda<\/a><\/em><\/li>\n\n\n\n<li><a href=\"http:\/\/www.ehu.eus\/cdsea\/web\/wp-content\/uploads\/2026\/03\/Presentacion_Catedra_EIA_2024_PRACTICA_Getxo.pdf\">Pr\u00e1ctica<\/a><\/li>\n\n\n\n<li><a href=\"http:\/\/www.ehu.eus\/cdsea\/web\/wp-content\/uploads\/2026\/03\/EAE_PGOU-Getxo_ApInic_2022_AnalisisAlternativas.pdf\">Getxo<\/a><\/li>\n<\/ul>\n\n\n\n<p class=\"has-large-font-size\"><\/p>\n\n\n\n<p class=\"has-x-large-font-size\">MODULO 3. Educaci\u00f3n, sostenibilidad y calidad de vida <\/p>\n\n\n\n<p class=\"has-large-font-size\"><strong>Semana 12<\/strong><\/p>\n\n\n\n<p>12\/01\/26.- <strong><em><a href=\"http:\/\/www.ehu.eus\/cdsea\/web\/wp-content\/uploads\/2026\/03\/Uskola-Araitz.pdf\">Educaci\u00f3n para la sostenibilidad<\/a><\/em><\/strong>. <em>Araitz Uskola (UPV\/EHU)<\/em><\/p>\n\n\n\n<p>13\/01\/2026.- <strong><a href=\"http:\/\/www.ehu.eus\/cdsea\/web\/wp-content\/uploads\/2026\/01\/EHU_MPMA_Hoyos_MSost-prot.pdf\">Movilidad Sostenible y Planificaci\u00f3n Sostenible del Transporte<\/a><\/strong>. David Hoyos (UPV\/EHU).<\/p>\n\n\n\n<ul class=\"wp-block-list\">\n<li><a href=\"http:\/\/www.ehu.eus\/cdsea\/web\/wp-content\/uploads\/2026\/01\/2020_Consideraciones_LMSE.pdf\">LMSE<\/a><\/li>\n<\/ul>\n\n\n\n<p>14\/01\/2026<strong>.- <em><a href=\"http:\/\/www.ehu.eus\/cdsea\/web\/wp-content\/uploads\/2026\/01\/Viota-Maria-prot-1.pdf\">Educaci\u00f3n para la transformaci\u00f3n ecosocial: recursos y oportunidades<\/a><\/em><\/strong>. Mar\u00eda Viota.<\/p>\n\n\n\n<p>15\/01\/26. <a href=\"http:\/\/www.ehu.eus\/cdsea\/web\/wp-content\/uploads\/2026\/01\/El-arte-como-mecanismo-interdisciplinar.-CONTENIDOS.pdf\"><strong>El arte como mecanismo interdisciplinar para abordar la sostenibilidad.<\/strong> <\/a>Naiara Herrera (UPV\/EHU).<\/p>\n\n\n\n<ul class=\"wp-block-list\">\n<li><a href=\"http:\/\/www.ehu.eus\/cdsea\/web\/wp-content\/uploads\/2026\/01\/Datos-adjuntos-sin-titulo-00005.pdf\">Datos Adjuntos 1<\/a><\/li>\n\n\n\n<li><a href=\"http:\/\/www.ehu.eus\/cdsea\/web\/wp-content\/uploads\/2026\/01\/Datos-adjuntos-sin-titulo-00008.pdf\">Datos Adjuntos 2<\/a><\/li>\n<\/ul>\n\n\n\n<p class=\"has-large-font-size\"><strong>Semana 13<\/strong><\/p>\n\n\n\n<p>19\/01\/2026.- <strong><a href=\"http:\/\/www.ehu.eus\/cdsea\/web\/wp-content\/uploads\/2026\/03\/lAZKANO-INIGO.pdf\">El derecho al medio ambiente<\/a>.<\/strong> I\u00f1igo Lazkano (UPV\/EHU)<\/p>\n\n\n\n<p>20\/01\/2026.- <a href=\"http:\/\/www.ehu.eus\/cdsea\/web\/wp-content\/uploads\/2026\/01\/Lopez-Orbaneja-Paisaje-y-Urbanismo-del-cuidado_2025-26.pdf\"><strong><em>Paisaje y urbanismo del cuidado. Socializaci\u00f3n para la identificaci\u00f3n, ordenaci\u00f3n y gesti\u00f3n de recursos paisaj\u00edsticos<\/em><\/strong>.<\/a> Aida Lopez (C\u00e1tedra UNESCO paisajes culturales y patrimonio)<\/p>\n\n\n\n<p>21\/01\/2026.- <strong><em>Arquitectura Sostenible<\/em><\/strong>. Urtza Uriarte (UPV\/EHU)<\/p>\n\n\n\n<ul class=\"wp-block-list\">\n<li><em><a href=\"http:\/\/www.ehu.eus\/cdsea\/web\/wp-content\/uploads\/2026\/03\/Green-Blue_UrbanZone_UrtzaUriarte.pdf\">Green blue urban zone<\/a><\/em><\/li>\n\n\n\n<li><em><a href=\"http:\/\/www.ehu.eus\/cdsea\/web\/wp-content\/uploads\/2026\/03\/EcologicalTransitionBasqueTerritory_UrtzaUriarte_20241009.pdf\">Basque Territory<\/a><\/em><\/li>\n\n\n\n<li><a href=\"http:\/\/www.ehu.eus\/cdsea\/web\/wp-content\/uploads\/2026\/03\/Bosque-de-alimentos.pdf\">Bosque de alimentos<\/a><\/li>\n<\/ul>\n\n\n\n<p>22\/01\/2026.- <strong>Ejemplo de c\u00e1lculo de la Huella Ambiental.<\/strong> Unai Ortega (UPV\/EHU)<\/p>\n\n\n\n<p class=\"has-large-font-size\"><strong>Semana 14<\/strong><\/p>\n\n\n\n<p>26\/01\/2026.- <a href=\"http:\/\/www.ehu.eus\/cdsea\/web\/wp-content\/uploads\/2026\/01\/Vozmediano-Laura.pdf\"><strong><em>Psicolog\u00eda ambiental<\/em><\/strong>.<\/a> Laura Vozmediano (UPV\/EHU).<\/p>\n\n\n\n<p>27\/01\/2026.- <strong>Redefiniendo el Bienestar.<\/strong> Leire Agirreazkuenaga<\/p>\n\n\n\n<p>28\/01\/2026.- <strong><em><a href=\"http:\/\/www.ehu.eus\/cdsea\/web\/wp-content\/uploads\/2026\/01\/Lopez-Fonseca-Ruben.pdf\">Gesti\u00f3n de Residuos<\/a><\/em><\/strong>. Rub\u00e9n L\u00f3pez (UPV\/EHU).&nbsp;<\/p>\n\n\n\n<p>29\/01\/2026.- SALIDA. Artigas <\/p>\n\n\n\n<p>&nbsp;<\/p>\n\n\n\n<p class=\"has-large-font-size\">M\u00f3dulo 4. La sostenibilidad en la pr\u00e1ctica: experiencias de aplicaci\u00f3n de modelos de gesti\u00f3n sostenibles<\/p>\n\n\n\n<p class=\"has-large-font-size\"><strong>Semana 15<\/strong><\/p>\n\n\n\n<p>02\/02\/2026. <a href=\"http:\/\/www.ehu.eus\/cdsea\/web\/wp-content\/uploads\/2026\/03\/Hernandez-Alberto.pdf\"><strong><em>El programa MaB de la UNESCO: ejemplos para aplicar educaci\u00f3n en la gesti\u00f3n del territorio en Am\u00e9rica Latina e Indonesia<\/em><\/strong>.<\/a> Alberto Hernandez-Salinas (IHEAL-CREDA. Universidad Sorbonne-Nouvelle Paris 3).&nbsp;<\/p>\n\n\n\n<p>03\/02\/2026.- SALIDA<strong>: <em>La Reserva de la Biosfera de Urdaibai. Un laboratorio de sostenibilidad<\/em>&#8211; <\/strong>Torre Madariaga<strong>. <\/strong><em>Manuel Monge (Servicio de la Reserva de la Biosfera de Urdainabi -EJ\/GV)&nbsp;<\/em><\/p>\n\n\n\n<p>04\/02\/2026.- <a href=\"http:\/\/www.ehu.eus\/cdsea\/web\/wp-content\/uploads\/2026\/01\/Responsabilidad-Social-Corporativaprot-2026.pdf\"><strong><em>Responsabilidad Social Empresarial<\/em><\/strong>.<\/a>&nbsp;Javier De la Pe\u00f1a (Boga Consultores)&nbsp;<\/p>\n\n\n\n<p> 05\/02\/2026.- <strong><em>Acci\u00f3n por el Clima en Bizkaia: cambio clim\u00e1tico, sostenibilidad energ\u00e9tica, fiscalidad y subvenciones<\/em><\/strong>. Eider Goiriena (Diputaci\u00f3n Foral de Bizkaia BFA)<\/p>\n\n\n\n<p class=\"has-large-font-size\"><strong>Semana 16<\/strong><\/p>\n\n\n\n<p>09\/02\/2026.<strong><em>.-L<a href=\"http:\/\/www.ehu.eus\/cdsea\/web\/wp-content\/uploads\/2026\/02\/prada-Presentacion_PCT_Master_UPV_Febrero2026.pdf\">a Custodia del Territorio, una herramienta de gesti\u00f3n basada en acuerdos voluntarios<\/a><\/em><\/strong>. Oscar Prada (Fundaci\u00f3n Biodiversidad).<\/p>\n\n\n\n<p>10 y 11\/02\/2026.- <strong><em>GIS (I) y GIS (II)<\/em><\/strong> Aula de inform\u00e1tica. Beatriz Fern\u00e1ndez (C\u00e1tedra UNESCO sobre Desarrollo Sostenible y Educaci\u00f3n Ambiental UPV\/EHU).<\/p>\n\n\n\n<p>12\/02\/2026.- <strong><a href=\"http:\/\/www.ehu.eus\/cdsea\/web\/wp-content\/uploads\/2026\/03\/REDS-Estibaliz-saez-de-camara.pdf\">REDS.<\/a> <\/strong>Estibaliz Saez de C\u00e1mara (UPV\/EHU) y Pr\u00e1cticas y evaluaciones del Master (Ana Berreteaga (UPV\/EHU)<\/p>\n\n\n\n<p><\/p>\n\n\n\n<p class=\"has-large-font-size\"><strong>Semana 17<\/strong><\/p>\n\n\n\n<p>16\/02\/2026.- <strong><em><a href=\"http:\/\/www.ehu.eus\/cdsea\/web\/wp-content\/uploads\/2026\/03\/Juan-Marcos-Gutierrez.pdf\">Informaci\u00f3n y educaci\u00f3n Ambiental. Derechos, fuentes y oportunidades.<\/a> <\/em><\/strong> Juan Marcos Gutierrez (Diputaci\u00f3n Foral de Bizkaia). \u00a0<\/p>\n\n\n\n<p><strong>Sistema de Informaci<\/strong><a href=\"http:\/\/www.ehu.eus\/cdsea\/web\/wp-content\/uploads\/2026\/03\/Iturribarria-Marta.pdf\">http:\/\/www.ehu.eus\/cdsea\/web\/wp-content\/uploads\/2026\/03\/Iturribarria-Marta.pdf<\/a><strong>\u00f3n Ambiental Vasco. <\/strong>Marta Iturribarria (Gobierno Vasco)<\/p>\n\n\n\n<p>17\/02\/2026.- SALIDA. <strong><em>Huertos Urbanos (Bilbao)<\/em><\/strong>. Mikeldi Llona (Ayuntamineto de Bilbao). Punto de encuentro. Parque San Antonio de Iturrigorri. Recalde<\/p>\n\n\n\n<p>18\/02\/2026. &#8211;<a href=\"http:\/\/www.ehu.eus\/cdsea\/web\/wp-content\/uploads\/2026\/03\/Arrasate-Sonia-Biodiesel-Leioa-2026-Modo-de-compatibilidad.pdf\"><strong>Practica de laboratorio: reutilizaci\u00f3n de los aceites dom\u00e9sticos usados, producci\u00f3n de biotiesel y jabones con aceite dom\u00e9stico<\/strong>.<\/a> Sonia Arrasate\/Eneritz Anakabe (UPV\/EHU).<\/p>\n\n\n\n<p>19\/02\/2026.- <strong><em><a href=\"http:\/\/www.ehu.eus\/cdsea\/web\/wp-content\/uploads\/2026\/02\/Estibaliz-Saez-de-Camara-Sostenibilidad-Universidad_MasterCatedraUNESCO.pdf\">Programas de Sostenibilidad Universitaria: experiencia de integraci\u00f3n de la sostenibilidad en la UPV\/EHU<\/a><\/em><\/strong>. Estibaliz S\u00e1ez de C\u00e1mara (Oficina sostenibilidad- UPV\/EHU).<\/p>\n\n\n\n<p><\/p>\n\n\n\n<p class=\"has-large-font-size\"><strong>Semana 18<\/strong><\/p>\n\n\n\n<p>23\/02\/2026.- <strong><em><a href=\"http:\/\/www.ehu.eus\/cdsea\/web\/wp-content\/uploads\/2026\/03\/De-lara-PROT-Ana-Oceano.pdf\">Ecosistemas marinos, proyectos de gesti\u00f3n y educaci\u00f3n ambiental<\/a><\/em><\/strong>. Ana de Lara (ONG Tantak).<\/p>\n\n\n\n<p>24\/02\/2026.- <strong><a href=\"http:\/\/www.ehu.eus\/cdsea\/web\/wp-content\/uploads\/2026\/02\/DesarrolloSostenible-vision-critica-agenda-2030.pdf\">Una visi\u00f3n cr\u00edtica de la Agenda 2030 y los ODS<\/a><\/strong>. Unai Ortega Lasuen. UPV\/EHU))<\/p>\n\n\n\n<p><strong>Dialogos de sostenibilidad: nuevos materialismos a traves de proceso<\/strong>s. Estitxu Aberasturi y Miriam Pe\u00f1a (UPV\/EHU)<\/p>\n\n\n\n<p>25\/02\/2026. <em><strong>Emprendimiento social para cerrar la brecha urbano\u2011rura<\/strong>l<\/em>. Juan Barbed (Rooral)<\/p>\n\n\n\n<p>26\/02\/2025.- <strong><em>Seguimiento de buenas intenciones<\/em><\/strong>. Leire Agirreazkuenaga (UPV\/EHU). Pautas para elaboraci\u00f3n del Trabajo Fin de Master y cierre del curso.Ibone Ametzaga (C\u00e1tedra UNESCO sobre Desarrollo Sostenible y Educaci\u00f3n Ambiental &#8211; UPV\/EHU).&nbsp;&nbsp;<\/p>\n\n\n\n<p><\/p>\n\n\n\n<p>Fuera de programa<\/p>\n\n\n\n<p><\/p>\n<\/div>\n<\/div>\n","protected":false},"excerpt":{"rendered":"<p>Queda terminantemente prohibido circular o divulgar el material aqu\u00ed contenido. Es solo material para clase. Modulo 1. La Sostenibilidad, una Visi\u00f3n Global Semana 1 13\/10\/25.-&nbsp;Presentaci\u00f3n m\u00e1ster&nbsp;Medio Ambiente, Sostenibilidad y ODS,&nbsp;Ibone Ametzaga\/Sonia Arrasate (UPV\/EHU)&nbsp; &nbsp; &nbsp; &nbsp; 13\/10\/25.- Ecosistema humano y compromiso.&nbsp;Leire Agirreazkuenaga (UPV\/EHU)&nbsp;14\/10\/25.-&nbsp;La dimensi\u00f3n ecol\u00f3gica de la sostenibilidad,&nbsp;Ibone Ametzaga (UPV\/EHU). 16\/10\/2025.- Agenda 2030 Y ODS. [&hellip;]<\/p>\n","protected":false},"author":1,"featured_media":0,"parent":1959,"menu_order":0,"comment_status":"closed","ping_status":"closed","template":"","meta":{"footnotes":""},"class_list":["post-2231","page","type-page","status-publish","hentry"],"_links":{"self":[{"href":"https:\/\/www.ehu.eus\/cdsea\/web\/index.php\/wp-json\/wp\/v2\/pages\/2231"}],"collection":[{"href":"https:\/\/www.ehu.eus\/cdsea\/web\/index.php\/wp-json\/wp\/v2\/pages"}],"about":[{"href":"https:\/\/www.ehu.eus\/cdsea\/web\/index.php\/wp-json\/wp\/v2\/types\/page"}],"author":[{"embeddable":true,"href":"https:\/\/www.ehu.eus\/cdsea\/web\/index.php\/wp-json\/wp\/v2\/users\/1"}],"replies":[{"embeddable":true,"href":"https:\/\/www.ehu.eus\/cdsea\/web\/index.php\/wp-json\/wp\/v2\/comments?post=2231"}],"version-history":[{"count":847,"href":"https:\/\/www.ehu.eus\/cdsea\/web\/index.php\/wp-json\/wp\/v2\/pages\/2231\/revisions"}],"predecessor-version":[{"id":19170,"href":"https:\/\/www.ehu.eus\/cdsea\/web\/index.php\/wp-json\/wp\/v2\/pages\/2231\/revisions\/19170"}],"up":[{"embeddable":true,"href":"https:\/\/www.ehu.eus\/cdsea\/web\/index.php\/wp-json\/wp\/v2\/pages\/1959"}],"wp:attachment":[{"href":"https:\/\/www.ehu.eus\/cdsea\/web\/index.php\/wp-json\/wp\/v2\/media?parent=2231"}],"curies":[{"name":"wp","href":"https:\/\/api.w.org\/{rel}","templated":true}]}}