{"id":3458,"date":"2017-04-19T18:41:02","date_gmt":"2017-04-19T18:41:02","guid":{"rendered":"http:\/\/www.ehu.eus\/cdsea\/web\/?page_id=3458"},"modified":"2017-09-03T18:50:55","modified_gmt":"2017-09-03T18:50:55","slug":"jornadaseducacion","status":"publish","type":"page","link":"https:\/\/www.ehu.eus\/cdsea\/web\/index.php\/jornadaseducacion\/","title":{"rendered":"Presentaci\u00f3n"},"content":{"rendered":"<p>[vc_row css=\u00bb.vc_custom_1492713898867{margin-right: 60px !important;margin-left: 60px !important;}\u00bb][vc_column width=\u00bb1\/6&#8243;][\/vc_column][vc_column width=\u00bb1\/12&#8243;][\/vc_column][vc_column width=\u00bb1\/2&#8243;][us_single_image image=\u00bb4005&#8243; size=\u00bbmedium_large\u00bb align=\u00bbcenter\u00bb][\/vc_column][vc_column width=\u00bb1\/12&#8243;][\/vc_column][vc_column width=\u00bb1\/6&#8243;][ult_createlink title=\u00bbEUS\u00bb btn_link=\u00bburl:http%3A%2F%2Fwww.ehu.eus%2Fcdsea%2Fweb%2Findex.php%2Fhezkuntza_garapen_iraunkorrerako_helburuen_oinarria%2F%3Flang%3Deu|||\u00bb link_hover_style=\u00bbStyle_1&#8243; text_hovercolor=\u00bb#565656&#8243; text_style=\u00bbright\u00bb title_font_size=\u00bbdesktop:10px;\u00bb][ult_createlink title=\u00bbES\u00bb btn_link=\u00bburl:http%3A%2F%2Fwww.ehu.eus%2Fcdsea%2Fweb%2Findex.php%2Fjornadaseducacion%2F|||\u00bb link_hover_style=\u00bbStyle_1&#8243; text_hovercolor=\u00bb#357ebf\u00bb text_style=\u00bbright\u00bb title_font_size=\u00bbdesktop:10px;\u00bb][\/vc_column][vc_column offset=\u00bbvc_hidden-sm vc_hidden-xs\u00bb][vc_empty_space height=\u00bb10px\u00bb][vc_wp_custommenu layout=\u00bbhor\u00bb align=\u00bbcenter\u00bb font_size=\u00bb108%\u00bb nav_menu=\u00bb96&#8243;][\/vc_column][vc_column][us_separator size=\u00bbsmall\u00bb text=\u00bbPRESENTACI\u00d3N\u00bb][vc_empty_space height=\u00bb18px\u00bb][vc_column_text]<\/p>\n<p style=\"text-align: justify;\"><span style=\"font-size: 12pt;\">La C\u00e1tedra UNESCO sobre Desarrollo Sostenible y Educaci\u00f3n Ambiental de la Universidad del Pa\u00eds Vasco\/Euskal Herriko Unibertsitatea (UPV\/EHU) organiza las\u00a0<em>Jornadas:<\/em><strong> La educaci\u00f3n, base para los Objetivos de Desarrollo Sostenible (ODS)<\/strong> los d\u00edas 5, 6\u00a0 y 7 de septiembre en el Bizkaia Aretoa (Bilbao).<\/span><\/p>\n<p style=\"text-align: justify;\"><span style=\"font-size: 12pt;\">Naciones Unidas ha presentado una nueva estrategia para <em>Transformar nuestro mundo: la Agenda 2030 para el Desarrollo Sostenible<\/em>, que se expresa en los denominados <a href=\"http:\/\/www.un.org\/sustainabledevelopment\/es\/\"><em>Objetivos de Desarrollo Sostenible<\/em> (ODS)<\/a>, con 17 objetivos que se centran en el <em>Planeta<\/em>, las <em>Personas<\/em>, la <em>Prosperidad<\/em> y la <em>Participaci\u00f3n.<\/em><\/span><\/p>\n<p style=\"text-align: justify;\"><span style=\"font-size: 12pt;\">Estas jornadas quieren fomentar el intercambio de experiencias y buenas pr\u00e1cticas (en el curriculum, la gesti\u00f3n, la investigaci\u00f3n&#8230;) encaminadas a la consecuci\u00f3n de los Objetivos de Desarrollo Sostenible (ODS) en el \u00e1mbito educativo, tanto formal, no formal e informal.<\/span><\/p>\n<p style=\"text-align: justify;\"><span style=\"font-size: 12pt;\">Se reflexionar\u00e1 igualmente sobre las implicaciones que los ODS tienen en este \u00e1mbito, y se animar\u00e1 a la definici\u00f3n de estrategias que contribuyan al logro de los mismos. Para ello, \u00a0<strong>las jornadas quedan estructuradas en los siguientes grupos de reflexi\u00f3n<\/strong> (clasificaci\u00f3n seg\u00fan los 4 ejes principales sobre los que gira la Agenda 2030):<\/span><\/p>\n<p><span style=\"font-size: 12pt;\"><strong>GRUPO 1.-Planeta: <\/strong>El desarrollo debe implicar el mantenimiento de la salud de los ecosistemas y la gesti\u00f3n sostenible de los recursos naturales<\/span><\/p>\n<p><span style=\"font-size: 12pt;\"><img loading=\"lazy\" decoding=\"async\" class=\"alignnone wp-image-3494\" src=\"http:\/\/www.ehu.eus\/cdsea\/web\/wp-content\/uploads\/2017\/04\/1.png\" alt=\"\" width=\"624\" height=\"128\" srcset=\"https:\/\/www.ehu.eus\/cdsea\/web\/wp-content\/uploads\/2017\/04\/1.png 832w, https:\/\/www.ehu.eus\/cdsea\/web\/wp-content\/uploads\/2017\/04\/1-300x61.png 300w, https:\/\/www.ehu.eus\/cdsea\/web\/wp-content\/uploads\/2017\/04\/1-768x157.png 768w, https:\/\/www.ehu.eus\/cdsea\/web\/wp-content\/uploads\/2017\/04\/1-600x123.png 600w\" sizes=\"(max-width: 624px) 100vw, 624px\" \/><\/span><\/p>\n<p><span style=\"font-size: 12pt;\"><strong>GRUPO 2.-Personas: <\/strong>Todas las personas deben de vivir con dignidad e igualdad en un ambiente sano.<strong><br \/>\n<\/strong><\/span><\/p>\n<p><span style=\"font-size: 12pt;\"><img loading=\"lazy\" decoding=\"async\" class=\"alignnone wp-image-3495\" src=\"http:\/\/www.ehu.eus\/cdsea\/web\/wp-content\/uploads\/2017\/04\/2.png\" alt=\"\" width=\"501\" height=\"125\" srcset=\"https:\/\/www.ehu.eus\/cdsea\/web\/wp-content\/uploads\/2017\/04\/2.png 668w, https:\/\/www.ehu.eus\/cdsea\/web\/wp-content\/uploads\/2017\/04\/2-300x75.png 300w, https:\/\/www.ehu.eus\/cdsea\/web\/wp-content\/uploads\/2017\/04\/2-600x150.png 600w\" sizes=\"(max-width: 501px) 100vw, 501px\" \/><\/span><\/p>\n<p><span style=\"font-size: 12pt;\"><strong>GRUPO 3.-Prosperidad: <\/strong>La producci\u00f3n y el consumo sostenibles son necesarios para lograr recursos para todas las personas y reducir las desigualdades.<\/span><\/p>\n<p><span style=\"font-size: 12pt;\"><img loading=\"lazy\" decoding=\"async\" class=\"alignnone wp-image-3496\" src=\"http:\/\/www.ehu.eus\/cdsea\/web\/wp-content\/uploads\/2017\/04\/3.png\" alt=\"\" width=\"502\" height=\"128\" srcset=\"https:\/\/www.ehu.eus\/cdsea\/web\/wp-content\/uploads\/2017\/04\/3.png 670w, https:\/\/www.ehu.eus\/cdsea\/web\/wp-content\/uploads\/2017\/04\/3-300x77.png 300w, https:\/\/www.ehu.eus\/cdsea\/web\/wp-content\/uploads\/2017\/04\/3-600x153.png 600w\" sizes=\"(max-width: 502px) 100vw, 502px\" \/><\/span><\/p>\n<p><span style=\"font-size: 12pt;\"><strong>GRUPO 4.-Paz y Participaci\u00f3n: <\/strong>La educaci\u00f3n es el coraz\u00f3n de los ODS, as\u00ed como las alianzas entre agentes sociales a todos los niveles.<\/span><\/p>\n<p><span style=\"font-size: 12pt;\"><img loading=\"lazy\" decoding=\"async\" class=\"alignnone wp-image-3497\" src=\"http:\/\/www.ehu.eus\/cdsea\/web\/wp-content\/uploads\/2017\/04\/4.png\" alt=\"\" width=\"502\" height=\"129\" srcset=\"https:\/\/www.ehu.eus\/cdsea\/web\/wp-content\/uploads\/2017\/04\/4.png 670w, https:\/\/www.ehu.eus\/cdsea\/web\/wp-content\/uploads\/2017\/04\/4-300x77.png 300w, https:\/\/www.ehu.eus\/cdsea\/web\/wp-content\/uploads\/2017\/04\/4-600x154.png 600w\" sizes=\"(max-width: 502px) 100vw, 502px\" \/><\/span><\/p>\n<p><span style=\"font-size: 12pt;\">Las jornadas est\u00e1n abiertas a todos los miembros del sector educativo (profesores, investigadores, estudiantes, as\u00ed como empresas y asociaciones relacionadas con este sector) que con sus actividades, propuestas, investigaciones y acciones contribuyen a la consecuci\u00f3n de los ODS. <\/span><\/p>\n<p><span style=\"font-size: 12pt;\">Estas jornadas han sido reconocidas como de inter\u00e9s por el <a href=\"http:\/\/en.unesco.org\/gap\">Global Action Programme (GAP) on Education for Sustainable Development<\/a> de la UNESCO.<\/span><\/p>\n<p><span style=\"font-size: 12pt;\"><strong>Las jornadas ser\u00e1n en euskera y castellano, no habr\u00e1 traducci\u00f3n simult\u00e1nea.<\/strong><br \/>\n<\/span><\/p>\n<p><span style=\"font-size: 12pt;\">Durante la organizaci\u00f3n y ejecuci\u00f3n de las jornadas trabajamos por ser un <a href=\"http:\/\/www.ehu.eus\/cdsea\/web\/index.php\/jornadaseducacion\/evento-sostenible\/\"><u><strong>evento sostenible<\/strong><\/u><\/a>. Actualmente estamos en fase de certificaci\u00f3n <a href=\"http:\/\/www.ihobe.eus\/ContenidosPlanos\/Ficha.aspx?IdMenu=53be0a0f-18b9-4e5b-b69b-6c3ed51a6103&amp;Idioma=es-ES\">Erronka Garbia<\/a>. Esta certificaci\u00f3n reconoce a aquellos eventos que integran medidas ambientales en el dise\u00f1o y organizaci\u00f3n para minimizar los potenciales impactos negativos sobre el medio ambiente asociados a la celebraci\u00f3n del mismo.<br \/>\n<\/span><\/p>\n<p>&nbsp;<\/p>\n<p><span style=\"font-size: 12pt;\"><strong>ORGANIZA:<\/strong><\/span><\/p>\n<p><span style=\"font-size: 12pt;\"><img loading=\"lazy\" decoding=\"async\" class=\"alignnone wp-image-242\" src=\"http:\/\/www.ehu.eus\/cdsea\/web\/wp-content\/uploads\/2016\/11\/Logo_Unesco-1-300x86.png\" alt=\"\" width=\"350\" height=\"101\" srcset=\"https:\/\/www.ehu.eus\/cdsea\/web\/wp-content\/uploads\/2016\/11\/Logo_Unesco-1-300x86.png 300w, https:\/\/www.ehu.eus\/cdsea\/web\/wp-content\/uploads\/2016\/11\/Logo_Unesco-1.png 514w\" sizes=\"(max-width: 350px) 100vw, 350px\" \/><\/span><\/p>\n<p><span style=\"font-size: 12pt;\"><strong>PATROCINA:<\/strong><\/span><\/p>\n<p><img loading=\"lazy\" decoding=\"async\" class=\"wp-image-3505 alignleft\" src=\"http:\/\/www.ehu.eus\/cdsea\/web\/wp-content\/uploads\/2017\/04\/LogoUPVEHU.png\" alt=\"\" width=\"180\" height=\"80\" \/><img loading=\"lazy\" decoding=\"async\" class=\"wp-image-418 alignleft\" src=\"http:\/\/www.ehu.eus\/cdsea\/web\/wp-content\/uploads\/2016\/11\/DFB-300x152.jpg\" alt=\"\" width=\"180\" height=\"91\" \/><\/p>\n<p><img loading=\"lazy\" decoding=\"async\" class=\"wp-image-4401 alignleft\" src=\"http:\/\/www.ehu.eus\/cdsea\/web\/wp-content\/uploads\/2017\/04\/logo-gobierno-300x56.png\" alt=\"\" width=\"260\" height=\"48\" srcset=\"https:\/\/www.ehu.eus\/cdsea\/web\/wp-content\/uploads\/2017\/04\/logo-gobierno-300x56.png 300w, https:\/\/www.ehu.eus\/cdsea\/web\/wp-content\/uploads\/2017\/04\/logo-gobierno-768x142.png 768w, https:\/\/www.ehu.eus\/cdsea\/web\/wp-content\/uploads\/2017\/04\/logo-gobierno-1024x190.png 1024w, https:\/\/www.ehu.eus\/cdsea\/web\/wp-content\/uploads\/2017\/04\/logo-gobierno-600x111.png 600w\" sizes=\"(max-width: 260px) 100vw, 260px\" \/><img loading=\"lazy\" decoding=\"async\" class=\"wp-image-2984 alignleft\" src=\"http:\/\/www.ehu.eus\/cdsea\/web\/wp-content\/uploads\/2017\/03\/ala_dcha-300x145.png\" alt=\"\" width=\"180\" height=\"87\" srcset=\"https:\/\/www.ehu.eus\/cdsea\/web\/wp-content\/uploads\/2017\/03\/ala_dcha-300x145.png 300w, https:\/\/www.ehu.eus\/cdsea\/web\/wp-content\/uploads\/2017\/03\/ala_dcha.png 524w\" sizes=\"(max-width: 180px) 100vw, 180px\" \/><\/p>\n<p>&nbsp;<\/p>\n<p>&nbsp;<\/p>\n<p>&nbsp;<\/p>\n<p><strong>COLABORA:<\/strong><br \/>\n<img loading=\"lazy\" decoding=\"async\" class=\"wp-image-430 alignnone\" src=\"http:\/\/www.ehu.eus\/cdsea\/web\/wp-content\/uploads\/2016\/11\/unescoetxea-300x154.jpg\" alt=\"\" width=\"180\" height=\"93\" \/>[\/vc_column_text][\/vc_column][\/vc_row]<\/p>\n","protected":false},"excerpt":{"rendered":"<p>[vc_row css=\u00bb.vc_custom_1492713898867{margin-right: 60px !important;margin-left: 60px !important;}\u00bb][vc_column width=\u00bb1\/6&#8243;][\/vc_column][vc_column width=\u00bb1\/12&#8243;][\/vc_column][vc_column width=\u00bb1\/2&#8243;][us_single_image image=\u00bb4005&#8243; size=\u00bbmedium_large\u00bb align=\u00bbcenter\u00bb][\/vc_column][vc_column width=\u00bb1\/12&#8243;][\/vc_column][vc_column width=\u00bb1\/6&#8243;][ult_createlink title=\u00bbEUS\u00bb btn_link=\u00bburl:http%3A%2F%2Fwww.ehu.eus%2Fcdsea%2Fweb%2Findex.php%2Fhezkuntza_garapen_iraunkorrerako_helburuen_oinarria%2F%3Flang%3Deu|||\u00bb link_hover_style=\u00bbStyle_1&#8243; text_hovercolor=\u00bb#565656&#8243; text_style=\u00bbright\u00bb title_font_size=\u00bbdesktop:10px;\u00bb][ult_createlink title=\u00bbES\u00bb btn_link=\u00bburl:http%3A%2F%2Fwww.ehu.eus%2Fcdsea%2Fweb%2Findex.php%2Fjornadaseducacion%2F|||\u00bb link_hover_style=\u00bbStyle_1&#8243; text_hovercolor=\u00bb#357ebf\u00bb text_style=\u00bbright\u00bb title_font_size=\u00bbdesktop:10px;\u00bb][\/vc_column][vc_column offset=\u00bbvc_hidden-sm vc_hidden-xs\u00bb][vc_empty_space height=\u00bb10px\u00bb][vc_wp_custommenu layout=\u00bbhor\u00bb align=\u00bbcenter\u00bb font_size=\u00bb108%\u00bb nav_menu=\u00bb96&#8243;][\/vc_column][vc_column][us_separator size=\u00bbsmall\u00bb text=\u00bbPRESENTACI\u00d3N\u00bb][vc_empty_space height=\u00bb18px\u00bb][vc_column_text] La C\u00e1tedra UNESCO sobre Desarrollo Sostenible y Educaci\u00f3n Ambiental de la Universidad del Pa\u00eds Vasco\/Euskal Herriko Unibertsitatea (UPV\/EHU) organiza [&hellip;]<\/p>\n","protected":false},"author":1,"featured_media":0,"parent":0,"menu_order":0,"comment_status":"closed","ping_status":"closed","template":"","meta":{"footnotes":""},"class_list":["post-3458","page","type-page","status-publish","hentry"],"_links":{"self":[{"href":"https:\/\/www.ehu.eus\/cdsea\/web\/index.php\/wp-json\/wp\/v2\/pages\/3458"}],"collection":[{"href":"https:\/\/www.ehu.eus\/cdsea\/web\/index.php\/wp-json\/wp\/v2\/pages"}],"about":[{"href":"https:\/\/www.ehu.eus\/cdsea\/web\/index.php\/wp-json\/wp\/v2\/types\/page"}],"author":[{"embeddable":true,"href":"https:\/\/www.ehu.eus\/cdsea\/web\/index.php\/wp-json\/wp\/v2\/users\/1"}],"replies":[{"embeddable":true,"href":"https:\/\/www.ehu.eus\/cdsea\/web\/index.php\/wp-json\/wp\/v2\/comments?post=3458"}],"version-history":[{"count":82,"href":"https:\/\/www.ehu.eus\/cdsea\/web\/index.php\/wp-json\/wp\/v2\/pages\/3458\/revisions"}],"predecessor-version":[{"id":4542,"href":"https:\/\/www.ehu.eus\/cdsea\/web\/index.php\/wp-json\/wp\/v2\/pages\/3458\/revisions\/4542"}],"wp:attachment":[{"href":"https:\/\/www.ehu.eus\/cdsea\/web\/index.php\/wp-json\/wp\/v2\/media?parent=3458"}],"curies":[{"name":"wp","href":"https:\/\/api.w.org\/{rel}","templated":true}]}}